{"id":13438,"date":"2013-05-02T20:08:17","date_gmt":"2013-05-02T18:08:17","guid":{"rendered":"http:\/\/finncult.asiakkaat.sigmatic.fi\/institut\/"},"modified":"2025-06-11T15:07:26","modified_gmt":"2025-06-11T13:07:26","slug":"institut","status":"publish","type":"page","link":"https:\/\/finncult.be\/fr\/institut\/","title":{"rendered":"Institut"},"content":{"rendered":"<p>[et_pb_section fb_built=\u00a0\u00bb1&Prime; fullwidth=\u00a0\u00bbon\u00a0\u00bb _builder_version=\u00a0\u00bb4.16&Prime; _module_preset=\u00a0\u00bbdefault\u00a0\u00bb global_colors_info=\u00a0\u00bb{}\u00a0\u00bb][et_pb_fullwidth_header title=\u00a0\u00bbInstitut\u00a0\u00bb text_orientation=\u00a0\u00bbcenter\u00a0\u00bb background_overlay_color=\u00a0\u00bbrgba(81,0,35,0.5)\u00a0\u00bb _builder_version=\u00a0\u00bb4.17.6&Prime; _module_preset=\u00a0\u00bbdefault\u00a0\u00bb title_text_align=\u00a0\u00bbcenter\u00a0\u00bb title_font_size=\u00a0\u00bb60px\u00a0\u00bb background_image=\u00a0\u00bbhttps:\/\/finncult.be\/wp-content\/uploads\/2022\/06\/IMG_0616-scaled-e1655489317989.jpg\u00a0\u00bb min_height=\u00a0\u00bb493px\u00a0\u00bb custom_css_title=\u00a0\u00bbpadding-top:15%;\u00a0\u00bb global_colors_info=\u00a0\u00bb{}\u00a0\u00bb][\/et_pb_fullwidth_header][\/et_pb_section][et_pb_section fb_built=\u00a0\u00bb1&Prime; _builder_version=\u00a0\u00bb4.16&Prime; background_color=\u00a0\u00bb#FEF7FB\u00a0\u00bb global_colors_info=\u00a0\u00bb{}\u00a0\u00bb][et_pb_row column_structure=\u00a0\u00bb1_5,3_5,1_5&Prime; _builder_version=\u00a0\u00bb4.16&Prime; background_size=\u00a0\u00bbinitial\u00a0\u00bb background_position=\u00a0\u00bbtop_left\u00a0\u00bb background_repeat=\u00a0\u00bbrepeat\u00a0\u00bb custom_padding=\u00a0\u00bb||||false|false\u00a0\u00bb global_colors_info=\u00a0\u00bb{}\u00a0\u00bb][et_pb_column type=\u00a0\u00bb1_5&Prime; _builder_version=\u00a0\u00bb4.16&Prime; custom_padding=\u00a0\u00bb|||\u00a0\u00bb global_colors_info=\u00a0\u00bb{}\u00a0\u00bb custom_padding__hover=\u00a0\u00bb|||\u00a0\u00bb][\/et_pb_column][et_pb_column type=\u00a0\u00bb3_5&Prime; _builder_version=\u00a0\u00bb4.16&Prime; custom_padding=\u00a0\u00bb|||\u00a0\u00bb global_colors_info=\u00a0\u00bb{}\u00a0\u00bb custom_padding__hover=\u00a0\u00bb|||\u00a0\u00bb][et_pb_text admin_label=\u00a0\u00bbTexte\u00a0\u00bb _builder_version=\u00a0\u00bb4.24.3&Prime; background_size=\u00a0\u00bbinitial\u00a0\u00bb background_position=\u00a0\u00bbtop_left\u00a0\u00bb background_repeat=\u00a0\u00bbrepeat\u00a0\u00bb global_colors_info=\u00a0\u00bb{}\u00a0\u00bb]<\/p>\n<h1>L&rsquo;Institut culturel finlandais pour le Benelux<\/h1>\n<p>&nbsp;<\/p>\n<p>Faisant partie du syst\u00e8me international de la Finlande pour l&rsquo;\u00e9change et l&rsquo;exportation artistique, acad\u00e9mique et culturelle, l&rsquo;Institut culturel finlandais pour le Benelux construit des ponts entre les acteurs de la culture et les institutions en Finlande et au Benelux. Nous promouvons la collaboration cr\u00e9ative et les initiatives internationales sur les sujets d&rsquo;actualit\u00e9.<\/p>\n<p>L&rsquo;Institut culturel finlandais pour le Benelux a \u00e9t\u00e9 fond\u00e9 en 1993. Install\u00e9 \u00e0 Antwerp pendant 13 ans, il a d\u00e9m\u00e9nag\u00e9 en 2006 dans le quartier du Sablon \u00e0 Bruxelles. Il est g\u00e9r\u00e9 par la Fondation de l&rsquo;Institut finlandais pour le Benelux et soutenu par le Minist\u00e8re de l&rsquo;\u00c9ducation et de la Culture de Finlande.<\/p>\n<p>Nous faisons partie <a href=\"https:\/\/instituutit.fi\/en\/\" target=\"_blank\" rel=\"noopener\">des Instituts culturels et acad\u00e9miques finlandais (SKTI)<\/a>, une association install\u00e9e \u00e0 Helsinki qui regroupe 17 instituts \u00e0 travers le monde. L&rsquo;Institut collabore avec d&rsquo;autres organisations finlandaises du r\u00e9seau <a href=\"https:\/\/www.team-finland.fi\/en\">Team Finland<\/a> ainsi qu&rsquo;avec d&rsquo;autres instituts culturels europ\u00e9ens du r\u00e9seau <a href=\"https:\/\/www.eunicglobal.eu\/\" target=\"_blank\" rel=\"noopener\">Instituts culturels nationaux de l&rsquo;Union europ\u00e9enne (EUNIC)<\/a>. L&rsquo;Institut a assur\u00e9 la pr\u00e9sidence du groupe EUNIC de Bruxelles pour 2021-2022.<\/p>\n<p>[\/et_pb_text][\/et_pb_column][et_pb_column type=\u00a0\u00bb1_5&Prime; _builder_version=\u00a0\u00bb4.16&Prime; custom_padding=\u00a0\u00bb|||\u00a0\u00bb global_colors_info=\u00a0\u00bb{}\u00a0\u00bb custom_padding__hover=\u00a0\u00bb|||\u00a0\u00bb][\/et_pb_column][\/et_pb_row][et_pb_row column_structure=\u00a0\u00bb1_5,3_5,1_5&Prime; _builder_version=\u00a0\u00bb4.16&Prime; _module_preset=\u00a0\u00bbdefault\u00a0\u00bb global_colors_info=\u00a0\u00bb{}\u00a0\u00bb][et_pb_column type=\u00a0\u00bb1_5&Prime; _builder_version=\u00a0\u00bb4.16&Prime; _module_preset=\u00a0\u00bbdefault\u00a0\u00bb global_colors_info=\u00a0\u00bb{}\u00a0\u00bb][\/et_pb_column][et_pb_column type=\u00a0\u00bb3_5&Prime; _builder_version=\u00a0\u00bb4.16&Prime; _module_preset=\u00a0\u00bbdefault\u00a0\u00bb global_colors_info=\u00a0\u00bb{}\u00a0\u00bb][et_pb_text _builder_version=\u00a0\u00bb4.17.4&Prime; _module_preset=\u00a0\u00bbdefault\u00a0\u00bb global_colors_info=\u00a0\u00bb{}\u00a0\u00bb]<\/p>\n<h1>Organisation<\/h1>\n<p>[\/et_pb_text][et_pb_toggle title=\u00a0\u00bbSTRAT\u00c9GIE \u00a0\u00bb open_toggle_text_color=\u00a0\u00bb#510023&Prime; closed_toggle_text_color=\u00a0\u00bb#DA589B\u00a0\u00bb icon_color=\u00a0\u00bb#DA589B\u00a0\u00bb open_icon_color=\u00a0\u00bb#DA589B\u00a0\u00bb _builder_version=\u00a0\u00bb4.17.4&Prime; _module_preset=\u00a0\u00bbdefault\u00a0\u00bb title_text_color=\u00a0\u00bb#510023&Prime; background_color=\u00a0\u00bb#FEF7FB\u00a0\u00bb border_color_all=\u00a0\u00bb#DA589B\u00a0\u00bb global_colors_info=\u00a0\u00bb{}\u00a0\u00bb]<\/p>\n<h2>STRAT\u00c9GIE 2019\u20132023<\/h2>\n<h3>MISSION<\/h3>\n<p>Nous promouvons la collaboration cr\u00e9ative et les initiatives internationales sur les sujets d&rsquo;actualit\u00e9.<\/p>\n<p>Faisant partie du syst\u00e8me international de la Finlande pour l&rsquo;\u00e9change et l&rsquo;exportation artistique, acad\u00e9mique et culturelle, l&rsquo;Institut culturel finlandais pour le Benelux construit des ponts entre les acteurs de la culture et les institutions en Finlande et au Benelux.<\/p>\n<h3>VISION<\/h3>\n<p>L&rsquo;Institut culturel finlandais pour le Benelux est reconnu comme un moteur d&rsquo;avanc\u00e9e culturelle et d&rsquo;\u00e9changes internationaux au c\u0153ur de notre r\u00e9alit\u00e9 contemporaine en perp\u00e9tuelle \u00e9volution.<\/p>\n<p>La r\u00e9gion du Benelux est un carrefour culturel plein de vie qui constitue un excellent point d&rsquo;entr\u00e9e pour les acteurs finlandais de la culture souhaitant s&rsquo;\u00e9tendre \u00e0 l&rsquo;international. L&rsquo;Institut est install\u00e9 \u00e0 Bruxelles, une ville d&rsquo;art renomm\u00e9e \u00e0 travers l&rsquo;Europe qui offre un emplacement central pour un maximum d&rsquo;impact social.<\/p>\n<p>L&rsquo;Institut culturel finlandais pour le Benelux est une institution culturelle dynamique b\u00e9n\u00e9ficiant de financements solides. Reconnu dans le monde entier pour son pr\u00e9cieux travail, il s&rsquo;attache \u00e0 promouvoir des organisations et acteurs culturels int\u00e9ressants et \u00e0 aborder des sujets d&rsquo;actualit\u00e9.<\/p>\n<h3>VALEURS<\/h3>\n<h4>Progressisme<\/h4>\n<p>Nous accueillons de tout notre c\u0153ur les nouvelles id\u00e9es et l&rsquo;exp\u00e9rimentation. Nous cultivons la joie inh\u00e9rente \u00e0 la cr\u00e9ativit\u00e9. Nous pr\u00f4nons l&rsquo;\u00e9galit\u00e9 et soutenons la diversit\u00e9 culturelle.<\/p>\n<h4>Impact<\/h4>\n<p>Nous cherchons constamment \u00e0 am\u00e9liorer nos performances et partageons nos r\u00e9sultats ouvertement. Nous sommes des partenaires transparents et fiables et nous sommes connus pour notre programmation qui colle \u00e0 l&rsquo;actualit\u00e9.<\/p>\n<h4>Expertise<\/h4>\n<p>Nous nous appuyons sur l&rsquo;expertise de notre \u00e9quipe et de notre large r\u00e9seau de partenaires. Nous nous effor\u00e7ons d&rsquo;\u00e9largir sans cesse notre base de connaissances. Nous attachons de l&rsquo;importance aux comp\u00e9tences et au bien-\u00eatre de notre \u00e9quipe, et effectuons des investissements en ce sens.<\/p>\n<h4>Responsabilit\u00e9<\/h4>\n<p>Nous sommes des partenaires fiables et nous visons \u00e0 cr\u00e9er un environnement plus durable et plus \u00e9quitable dans la pratique des arts et de la culture.<\/p>\n<p>[\/et_pb_toggle][et_pb_toggle title=\u00a0\u00bbRAPPORTS ANNUELS\u00a0\u00bb open_toggle_text_color=\u00a0\u00bb#510023&Prime; closed_toggle_text_color=\u00a0\u00bb#DA589B\u00a0\u00bb icon_color=\u00a0\u00bb#DA589B\u00a0\u00bb open_icon_color=\u00a0\u00bb#DA589B\u00a0\u00bb _builder_version=\u00a0\u00bb4.27.2&Prime; _module_preset=\u00a0\u00bbdefault\u00a0\u00bb title_text_color=\u00a0\u00bb#510023&Prime; background_color=\u00a0\u00bb#FEF7FB\u00a0\u00bb hover_enabled=\u00a0\u00bb0&Prime; border_color_all=\u00a0\u00bb#DA589B\u00a0\u00bb global_colors_info=\u00a0\u00bb{}\u00a0\u00bb sticky_enabled=\u00a0\u00bb0&Prime;]<\/p>\n<h3>Versions en finnois :<\/h3>\n<p><a href=\"https:\/\/finncult.be\/wp-content\/uploads\/2025\/06\/Suomen-Benelux-instituutti-vuosikertomus-2024-website.pdf\" target=\"_blank\" rel=\"noopener\">Rapport annuel 2024<\/a><\/p>\n<p><a href=\"https:\/\/finncult.be\/wp-content\/uploads\/2024\/04\/Vuosikertomus-2023-Benelux-institutti-web.pdf\" target=\"_blank\" rel=\"noopener\">Rapport annuel 2023<\/a><\/p>\n<p><a href=\"https:\/\/finncult.be\/wp-content\/uploads\/2023\/05\/Vuosikertomus-2022-Benelux-institutti-.pdf\" target=\"_blank\" rel=\"noopener\">Rapport annuel 2022<\/a><\/p>\n<p><a href=\"https:\/\/finncult.be\/wp-content\/uploads\/2022\/06\/Vuosikertomus-2021-Suomen-Benelux-instituutti-PIENI.pdf\" rel=\"attachment wp-att-13133\">Rapport annuel 2021 <\/a><\/p>\n<p><a href=\"https:\/\/finncult.be\/wp-content\/uploads\/2022\/06\/Benelux_Vuosikertomus_2020_lowres.pdf\" rel=\"attachment wp-att-13154\">Rapport annuel 2020 <\/a><\/p>\n<p><a href=\"https:\/\/finncult.be\/wp-content\/uploads\/2022\/06\/Annual-Report-2019-Finnish.pdf\" rel=\"attachment wp-att-13161\">Rapport annuel 2019<\/a><\/p>\n<p><a href=\"https:\/\/finncult.be\/wp-content\/uploads\/2022\/06\/Annual-Report-2018-Finnish.pdf\" rel=\"attachment wp-att-13169\">Rapport annuel 2018 <\/a><\/p>\n<p><a href=\"https:\/\/finncult.be\/wp-content\/uploads\/2022\/06\/Annual-Report-2017-Finnish.pdf\" rel=\"attachment wp-att-13175\">Rapport annuel 2017<\/a><\/p>\n<h3>Versions en anglais :<\/h3>\n<p><a href=\"https:\/\/finncult.be\/wp-content\/uploads\/2023\/07\/FCI-Annual-Report-2022-EN.pdf\" target=\"_blank\" rel=\"noopener\">Rapport annuel 2022<\/a><\/p>\n<p><a href=\"https:\/\/finncult.be\/wp-content\/uploads\/2022\/06\/Annual-Report-2021-English.pdf\" rel=\"attachment wp-att-13145\">Rapport annuel 2021 <\/a><\/p>\n<p>[\/et_pb_toggle][et_pb_toggle title=\u00a0\u00bbCONSEIL D&rsquo;ADMINISTRATION\u00a0\u00bb open_toggle_text_color=\u00a0\u00bb#510023&Prime; closed_toggle_text_color=\u00a0\u00bb#DA589B\u00a0\u00bb icon_color=\u00a0\u00bb#DA589B\u00a0\u00bb open_icon_color=\u00a0\u00bb#DA589B\u00a0\u00bb _builder_version=\u00a0\u00bb4.24.3&Prime; _module_preset=\u00a0\u00bbdefault\u00a0\u00bb title_text_color=\u00a0\u00bb#510023&Prime; background_color=\u00a0\u00bb#FEF7FB\u00a0\u00bb border_color_all=\u00a0\u00bb#DA589B\u00a0\u00bb global_colors_info=\u00a0\u00bb{}\u00a0\u00bb]<\/p>\n<h2 style=\"text-align: left;\">Le Comit\u00e9 ex\u00e9cutif<\/h2>\n<p style=\"text-align: left;\"><strong>Paula Raitis<\/strong>, pr\u00e9sidente<\/p>\n<p><strong>Martti Kivist\u00f6<\/strong>, vice-pr\u00e9sident<\/p>\n<p style=\"text-align: left;\"><strong>Pirita N\u00e4kk\u00e4l\u00e4j\u00e4rvi<\/strong>, membre<\/p>\n<p style=\"text-align: left;\"><strong>Lieven Ameel<\/strong>, membre<\/p>\n<p style=\"text-align: left;\"><strong>Antti Wihanto<\/strong>, membre<\/p>\n<p>&nbsp;<\/p>\n<h2 style=\"text-align: left;\">Membres suppl\u00e9ants<\/h2>\n<p style=\"text-align: left;\"><strong>Iiris Kivim\u00e4ki<\/strong><\/p>\n<p style=\"text-align: left;\"><strong>Petri Lahesmaa<\/strong><\/p>\n<p style=\"text-align: left;\"><strong>Leena Malkki<\/strong><\/p>\n<p style=\"text-align: left;\"><strong>Marja Rislakki<\/strong><\/p>\n<p style=\"text-align: left;\"><strong>Riikka Thitz<\/strong><\/p>\n<p>&nbsp;<\/p>\n<h2 style=\"text-align: left;\">Secr\u00e9taire g\u00e9n\u00e9rale<\/h2>\n<p style=\"text-align: left;\"><strong>Eeva-Maria Viitanen<\/strong><\/p>\n<p style=\"text-align: left;\">eeva-maria.viitanen@finncult.be<\/p>\n<p style=\"text-align: left;\">Contact (par courrier uniquement)<br \/>Suomen Benelux-instituutin s\u00e4\u00e4ti\u00f6<br \/>Kalliolinnantie 4<br \/>00140 Helsinki<\/p>\n<p>[\/et_pb_toggle][\/et_pb_column][et_pb_column type=\u00a0\u00bb1_5&Prime; _builder_version=\u00a0\u00bb4.16&Prime; _module_preset=\u00a0\u00bbdefault\u00a0\u00bb global_colors_info=\u00a0\u00bb{}\u00a0\u00bb][\/et_pb_column][\/et_pb_row][\/et_pb_section]<\/p>\n","protected":false},"excerpt":{"rendered":"<p>L&rsquo;Institut culturel finlandais pour le Benelux &nbsp; Faisant partie du syst\u00e8me international de la Finlande pour l&rsquo;\u00e9change et l&rsquo;exportation artistique, acad\u00e9mique et culturelle, l&rsquo;Institut culturel finlandais pour le Benelux construit des ponts entre les acteurs de la culture et les institutions en Finlande et au Benelux. Nous promouvons la collaboration cr\u00e9ative et les initiatives internationales [&hellip;]<\/p>\n","protected":false},"author":4,"featured_media":12753,"parent":0,"menu_order":3,"comment_status":"open","ping_status":"closed","template":"","meta":{"_acf_changed":false,"_et_pb_use_builder":"on","_et_pb_old_content":"","_et_gb_content_width":"","inline_featured_image":false,"footnotes":""},"class_list":["post-13438","page","type-page","status-publish","has-post-thumbnail","hentry"],"acf":[],"yoast_head":"<!-- This site is optimized with the Yoast SEO plugin v27.4 - https:\/\/yoast.com\/product\/yoast-seo-wordpress\/ -->\n<title>Institut - Finnish Cultural Institute for the Benelux<\/title>\n<meta name=\"description\" content=\"Faisant partie du syst\u00e8me international de la Finlande pour l&#039;\u00e9change artistique, acad\u00e9mique et culturelle, l&#039;Institut culturel finlandais construit des ponts entre les acteurs de la culture et les institutions en Finlande et au Benelux.\" \/>\n<meta name=\"robots\" content=\"index, follow, max-snippet:-1, max-image-preview:large, max-video-preview:-1\" \/>\n<link rel=\"canonical\" href=\"https:\/\/finncult.be\/fr\/institut\/\" \/>\n<meta property=\"og:locale\" content=\"fr_FR\" \/>\n<meta property=\"og:type\" content=\"article\" \/>\n<meta property=\"og:title\" content=\"Institut - Finnish Cultural Institute for the Benelux\" \/>\n<meta property=\"og:description\" content=\"Faisant partie du syst\u00e8me international de la Finlande pour l&#039;\u00e9change artistique, acad\u00e9mique et culturelle, l&#039;Institut culturel finlandais construit des ponts entre les acteurs de la culture et les institutions en Finlande et au Benelux.\" \/>\n<meta property=\"og:url\" content=\"https:\/\/finncult.be\/fr\/institut\/\" \/>\n<meta property=\"og:site_name\" content=\"Finnish Cultural Institute for the Benelux\" \/>\n<meta property=\"article:modified_time\" content=\"2025-06-11T13:07:26+00:00\" \/>\n<meta property=\"og:image\" content=\"https:\/\/finncult.be\/wp-content\/uploads\/2022\/05\/1.png\" \/>\n\t<meta property=\"og:image:width\" content=\"1600\" \/>\n\t<meta property=\"og:image:height\" content=\"600\" \/>\n\t<meta property=\"og:image:type\" content=\"image\/png\" \/>\n<meta name=\"twitter:card\" content=\"summary_large_image\" \/>\n<meta name=\"twitter:label1\" content=\"Dur\u00e9e de lecture estim\u00e9e\" \/>\n\t<meta name=\"twitter:data1\" content=\"3 minutes\" \/>\n<script type=\"application\/ld+json\" class=\"yoast-schema-graph\">{\"@context\":\"https:\\\/\\\/schema.org\",\"@graph\":[{\"@type\":\"WebPage\",\"@id\":\"https:\\\/\\\/finncult.be\\\/fr\\\/institut\\\/\",\"url\":\"https:\\\/\\\/finncult.be\\\/fr\\\/institut\\\/\",\"name\":\"Institut - Finnish Cultural Institute for the Benelux\",\"isPartOf\":{\"@id\":\"https:\\\/\\\/finncult.be\\\/#website\"},\"primaryImageOfPage\":{\"@id\":\"https:\\\/\\\/finncult.be\\\/fr\\\/institut\\\/#primaryimage\"},\"image\":{\"@id\":\"https:\\\/\\\/finncult.be\\\/fr\\\/institut\\\/#primaryimage\"},\"thumbnailUrl\":\"https:\\\/\\\/finncult.be\\\/wp-content\\\/uploads\\\/2022\\\/05\\\/1.png\",\"datePublished\":\"2013-05-02T18:08:17+00:00\",\"dateModified\":\"2025-06-11T13:07:26+00:00\",\"description\":\"Faisant partie du syst\u00e8me international de la Finlande pour l'\u00e9change artistique, acad\u00e9mique et culturelle, l'Institut culturel finlandais construit des ponts entre les acteurs de la culture et les institutions en Finlande et au Benelux.\",\"breadcrumb\":{\"@id\":\"https:\\\/\\\/finncult.be\\\/fr\\\/institut\\\/#breadcrumb\"},\"inLanguage\":\"fr-FR\",\"potentialAction\":[{\"@type\":\"ReadAction\",\"target\":[\"https:\\\/\\\/finncult.be\\\/fr\\\/institut\\\/\"]}]},{\"@type\":\"ImageObject\",\"inLanguage\":\"fr-FR\",\"@id\":\"https:\\\/\\\/finncult.be\\\/fr\\\/institut\\\/#primaryimage\",\"url\":\"https:\\\/\\\/finncult.be\\\/wp-content\\\/uploads\\\/2022\\\/05\\\/1.png\",\"contentUrl\":\"https:\\\/\\\/finncult.be\\\/wp-content\\\/uploads\\\/2022\\\/05\\\/1.png\",\"width\":1600,\"height\":600,\"caption\":\"The Finnish institute\"},{\"@type\":\"BreadcrumbList\",\"@id\":\"https:\\\/\\\/finncult.be\\\/fr\\\/institut\\\/#breadcrumb\",\"itemListElement\":[{\"@type\":\"ListItem\",\"position\":1,\"name\":\"Home\",\"item\":\"https:\\\/\\\/finncult.be\\\/fr\\\/\"},{\"@type\":\"ListItem\",\"position\":2,\"name\":\"Institut\"}]},{\"@type\":\"WebSite\",\"@id\":\"https:\\\/\\\/finncult.be\\\/#website\",\"url\":\"https:\\\/\\\/finncult.be\\\/\",\"name\":\"Finnish Cultural Institute for the Benelux\",\"description\":\"Finnish Cultural Institute for the Benelux\",\"potentialAction\":[{\"@type\":\"SearchAction\",\"target\":{\"@type\":\"EntryPoint\",\"urlTemplate\":\"https:\\\/\\\/finncult.be\\\/?s={search_term_string}\"},\"query-input\":{\"@type\":\"PropertyValueSpecification\",\"valueRequired\":true,\"valueName\":\"search_term_string\"}}],\"inLanguage\":\"fr-FR\"}]}<\/script>\n<!-- \/ Yoast SEO plugin. -->","yoast_head_json":{"title":"Institut - Finnish Cultural Institute for the Benelux","description":"Faisant partie du syst\u00e8me international de la Finlande pour l'\u00e9change artistique, acad\u00e9mique et culturelle, l'Institut culturel finlandais construit des ponts entre les acteurs de la culture et les institutions en Finlande et au Benelux.","robots":{"index":"index","follow":"follow","max-snippet":"max-snippet:-1","max-image-preview":"max-image-preview:large","max-video-preview":"max-video-preview:-1"},"canonical":"https:\/\/finncult.be\/fr\/institut\/","og_locale":"fr_FR","og_type":"article","og_title":"Institut - Finnish Cultural Institute for the Benelux","og_description":"Faisant partie du syst\u00e8me international de la Finlande pour l'\u00e9change artistique, acad\u00e9mique et culturelle, l'Institut culturel finlandais construit des ponts entre les acteurs de la culture et les institutions en Finlande et au Benelux.","og_url":"https:\/\/finncult.be\/fr\/institut\/","og_site_name":"Finnish Cultural Institute for the Benelux","article_modified_time":"2025-06-11T13:07:26+00:00","og_image":[{"width":1600,"height":600,"url":"https:\/\/finncult.be\/wp-content\/uploads\/2022\/05\/1.png","type":"image\/png"}],"twitter_card":"summary_large_image","twitter_misc":{"Dur\u00e9e de lecture estim\u00e9e":"3 minutes"},"schema":{"@context":"https:\/\/schema.org","@graph":[{"@type":"WebPage","@id":"https:\/\/finncult.be\/fr\/institut\/","url":"https:\/\/finncult.be\/fr\/institut\/","name":"Institut - Finnish Cultural Institute for the Benelux","isPartOf":{"@id":"https:\/\/finncult.be\/#website"},"primaryImageOfPage":{"@id":"https:\/\/finncult.be\/fr\/institut\/#primaryimage"},"image":{"@id":"https:\/\/finncult.be\/fr\/institut\/#primaryimage"},"thumbnailUrl":"https:\/\/finncult.be\/wp-content\/uploads\/2022\/05\/1.png","datePublished":"2013-05-02T18:08:17+00:00","dateModified":"2025-06-11T13:07:26+00:00","description":"Faisant partie du syst\u00e8me international de la Finlande pour l'\u00e9change artistique, acad\u00e9mique et culturelle, l'Institut culturel finlandais construit des ponts entre les acteurs de la culture et les institutions en Finlande et au Benelux.","breadcrumb":{"@id":"https:\/\/finncult.be\/fr\/institut\/#breadcrumb"},"inLanguage":"fr-FR","potentialAction":[{"@type":"ReadAction","target":["https:\/\/finncult.be\/fr\/institut\/"]}]},{"@type":"ImageObject","inLanguage":"fr-FR","@id":"https:\/\/finncult.be\/fr\/institut\/#primaryimage","url":"https:\/\/finncult.be\/wp-content\/uploads\/2022\/05\/1.png","contentUrl":"https:\/\/finncult.be\/wp-content\/uploads\/2022\/05\/1.png","width":1600,"height":600,"caption":"The Finnish institute"},{"@type":"BreadcrumbList","@id":"https:\/\/finncult.be\/fr\/institut\/#breadcrumb","itemListElement":[{"@type":"ListItem","position":1,"name":"Home","item":"https:\/\/finncult.be\/fr\/"},{"@type":"ListItem","position":2,"name":"Institut"}]},{"@type":"WebSite","@id":"https:\/\/finncult.be\/#website","url":"https:\/\/finncult.be\/","name":"Finnish Cultural Institute for the Benelux","description":"Finnish Cultural Institute for the Benelux","potentialAction":[{"@type":"SearchAction","target":{"@type":"EntryPoint","urlTemplate":"https:\/\/finncult.be\/?s={search_term_string}"},"query-input":{"@type":"PropertyValueSpecification","valueRequired":true,"valueName":"search_term_string"}}],"inLanguage":"fr-FR"}]}},"_links":{"self":[{"href":"https:\/\/finncult.be\/fr\/wp-json\/wp\/v2\/pages\/13438","targetHints":{"allow":["GET"]}}],"collection":[{"href":"https:\/\/finncult.be\/fr\/wp-json\/wp\/v2\/pages"}],"about":[{"href":"https:\/\/finncult.be\/fr\/wp-json\/wp\/v2\/types\/page"}],"author":[{"embeddable":true,"href":"https:\/\/finncult.be\/fr\/wp-json\/wp\/v2\/users\/4"}],"replies":[{"embeddable":true,"href":"https:\/\/finncult.be\/fr\/wp-json\/wp\/v2\/comments?post=13438"}],"version-history":[{"count":12,"href":"https:\/\/finncult.be\/fr\/wp-json\/wp\/v2\/pages\/13438\/revisions"}],"predecessor-version":[{"id":20883,"href":"https:\/\/finncult.be\/fr\/wp-json\/wp\/v2\/pages\/13438\/revisions\/20883"}],"wp:featuredmedia":[{"embeddable":true,"href":"https:\/\/finncult.be\/fr\/wp-json\/wp\/v2\/media\/12753"}],"wp:attachment":[{"href":"https:\/\/finncult.be\/fr\/wp-json\/wp\/v2\/media?parent=13438"}],"curies":[{"name":"wp","href":"https:\/\/api.w.org\/{rel}","templated":true}]}}