{"id":13842,"date":"2022-04-27T14:17:32","date_gmt":"2022-04-27T12:17:32","guid":{"rendered":"http:\/\/finncult.asiakkaat.sigmatic.fi\/ohjelmisto\/masculinities\/"},"modified":"2024-04-24T16:04:34","modified_gmt":"2024-04-24T14:04:34","slug":"masculinities","status":"publish","type":"page","link":"https:\/\/finncult.be\/fi\/ohjelma\/masculinities\/","title":{"rendered":"Masculinities"},"content":{"rendered":"<p>[et_pb_section fb_built=&#8221;1&#8243; fullwidth=&#8221;on&#8221; _builder_version=&#8221;4.16&#8243; _module_preset=&#8221;default&#8221; global_colors_info=&#8221;{}&#8221;][et_pb_fullwidth_header admin_label=&#8221;Koko sivun levyinen otsikko&#8221; _builder_version=&#8221;4.24.0&#8243; _module_preset=&#8221;default&#8221; background_image=&#8221;https:\/\/finncult.be\/wp-content\/uploads\/2023\/11\/5-BWBB_Foto-Knelis_1-scaled.jpg&#8221; min_height=&#8221;493px&#8221; global_colors_info=&#8221;{}&#8221;][\/et_pb_fullwidth_header][\/et_pb_section][et_pb_section fb_built=&#8221;1&#8243; admin_label=&#8221;section&#8221; _builder_version=&#8221;4.16&#8243; background_color=&#8221;#FEF7FB&#8221; custom_padding=&#8221;22px|||||&#8221; collapsed=&#8221;off&#8221; global_colors_info=&#8221;{}&#8221;][et_pb_row column_structure=&#8221;1_5,3_5,1_5&#8243; admin_label=&#8221;row&#8221; _builder_version=&#8221;4.16&#8243; background_size=&#8221;initial&#8221; background_position=&#8221;top_left&#8221; background_repeat=&#8221;repeat&#8221; custom_margin=&#8221;||||false|false&#8221; global_colors_info=&#8221;{}&#8221;][et_pb_column type=&#8221;1_5&#8243; _builder_version=&#8221;4.16&#8243; custom_padding=&#8221;|||&#8221; global_colors_info=&#8221;{}&#8221; custom_padding__hover=&#8221;|||&#8221;][\/et_pb_column][et_pb_column type=&#8221;3_5&#8243; _builder_version=&#8221;4.16&#8243; custom_padding=&#8221;|||&#8221; global_colors_info=&#8221;{}&#8221; custom_padding__hover=&#8221;|||&#8221;][et_pb_text _builder_version=&#8221;4.24.0&#8243; _module_preset=&#8221;default&#8221; custom_margin=&#8221;||||false|false&#8221; custom_padding=&#8221;||||false|false&#8221; global_colors_info=&#8221;{}&#8221;]<\/p>\n<h1 style=\"text-align: left;\">Maskuliinisuus-ohjelma<\/h1>\n<p>&nbsp;<\/p>\n<p><span style=\"font-weight: 400;\">Monivuotisen ohjelman tavoitteena\u00a0 on her\u00e4tt\u00e4\u00e4 kriittist\u00e4 ajattelua ja haastaa olemassa olevia ennakkok\u00e4sityksi\u00e4 maskuliinisuudesta ja sen erilaisista merkityksist\u00e4 nykyp\u00e4iv\u00e4n yhteiskunnallisessa keskustelussa. <\/span><span style=\"font-weight: 400;\">Haluamme tarkastella sukupuolta ja seksuaalisuutta intersektionaalisista n\u00e4k\u00f6kulmista. Tarkastelumme kohteena on identiteetin k\u00e4site ja sit\u00e4 kautta my\u00f6s maskuliinisuuden monikerroksisuus ja sen vaikutukset minuuteen.<\/span><\/p>\n<p><span style=\"font-weight: 400;\">Kuulemme mielell\u00e4mme erilaisista projekteista ymp\u00e4ri maailmaa ja mielell\u00e4mme harkitsemme uusia yhteisty\u00f6kuvioita. Jos sinulla on projektiehdotus tai haluat yksinkertaisesti vain olla yhteydess\u00e4 meihin asian tiimoilta, \u00e4l\u00e4 ep\u00e4r\u00f6i laittaa viesti\u00e4 projektip\u00e4\u00e4llikk\u00f6 <strong>Malin Bergstr\u00f6mille<\/strong>, <\/span><a href=\"mailto:malin.bergstrom@finncult.be\" target=\"_blank\" rel=\"noopener\"><span style=\"font-weight: 400;\">malin.bergstrom@finncult.be<\/span><\/a><\/p>\n<p>[\/et_pb_text][et_pb_text _builder_version=&#8221;4.24.3&#8243; _module_preset=&#8221;default&#8221; hover_enabled=&#8221;0&#8243; global_colors_info=&#8221;{}&#8221; sticky_enabled=&#8221;0&#8243;]<\/p>\n<h2><span style=\"font-weight: 400;\">Boys Won&#8217;t Be Boys<\/span><\/h2>\n<p><span style=\"font-weight: 400;\"><em>Boys Won&#8217;t Be Boys<\/em> on <strong>Rikkert van Huissteden<\/strong> ideoima alankomaalainen teatteriesitys, joka her\u00e4ttelee pohtimaan miesten mahdollisuuksia vapautua vallitsevista rooleista. Suomen Benelux-instituutti tuottaa <a href=\"https:\/\/finncult.be\/rikkert-van-huisstedes-boys-wont-be-boys-to-make-its-international-debut-in-finland-in-2024\/\">esityksen ensimm\u00e4isen kansainv\u00e4lisen ja monikielisen version<\/a>, joka n\u00e4hd\u00e4\u00e4n Suomessa vuonna 2024 muun muassa <strong>Jani Toivolan<\/strong> ja <strong>Roderick Kabangan<\/strong> t\u00e4hditt\u00e4m\u00e4n\u00e4. Ohjelma sis\u00e4lt\u00e4\u00e4 lis\u00e4ksi puheenvuoroja ja ty\u00f6pajoja maskuliinisuuteen liittyvien tarinoiden ja kokemusten jakamisesta.<\/span><\/p>\n<p>Suomen Benelux-instituutti on <em>Boys Won&#8217;t Be Boysin<\/em> kansainv\u00e4lisen tuotannon tilaaja ja tuottaja. Esitys toteutetaan yhteisty\u00f6ss\u00e4 <a href=\"https:\/\/svenskateatern.fi\/\">Svenska Teaternin<\/a> ja <a href=\"https:\/\/oulunteatteri.fi\/\">Oulun teatterin<\/a> kanssa. <a href=\"https:\/\/www.instagram.com\/jabatjatunteet\/\">J\u00e4b\u00e4t &amp; Tunteet -yhteis\u00f6<\/a> toimii esityksen yhteisty\u00f6kumppanina. Tuotantoa on tukenut Svenska kulturfonden, Konstsamfundet, Otto A. Malmin lahjoitusrahasto, Alankomaiden suurl\u00e4hetyst\u00f6 Suomessa ja Oulun Valistustalorahaston apuraha.<\/p>\n<p>L\u00f6yd\u00e4t lis\u00e4tietoa tuotannosta ja sen esiintyjist\u00e4 <a href=\"https:\/\/drive.google.com\/drive\/folders\/1CDmM124R0q48IZMdjmBhlfU22n19Xznw\">Boys Won&#8217;t Be Boys -mediapaketista<\/a>, joka on saatavilla suomeksi ja englanniksi.<\/p>\n<p><em>P\u00e4\u00e4kuva: Boys Won&#8217;t Be Boys \/ Knelis.<\/em><\/p>\n<p>[\/et_pb_text][et_pb_toggle title=&#8221;Masculinities 2022: The Book Club&#8221; open_toggle_text_color=&#8221;#510023&#8243; open_toggle_background_color=&#8221;#FEF7FB&#8221; closed_toggle_text_color=&#8221;#DA589B&#8221; closed_toggle_background_color=&#8221;#FEF7FB&#8221; icon_color=&#8221;#DA589B&#8221; open_icon_color=&#8221;#DA589B&#8221; admin_label=&#8221;Henkil\u00f6&#8221; _builder_version=&#8221;4.24.0&#8243; _module_preset=&#8221;default&#8221; title_text_color=&#8221;#510023&#8243; body_text_color=&#8221;#510023&#8243; global_colors_info=&#8221;{}&#8221;]<\/p>\n<p><span style=\"font-weight: 400;\">Vuonna 2022 ty\u00f6skentelimme <strong>Kriticos Mwansan<\/strong> kanssa, joka tunnetaan h\u00e4nen kansainv\u00e4lisesti suositusta <a href=\"https:\/\/www.instagram.com\/thebookclub.eu\/\">The Book Club -konseptistaan<\/a> Benelux-alueella. Ensimm\u00e4isen Book Club -istuntonsa Mwansa is\u00e4nn\u00f6i Helsingiss\u00e4 yhteisty\u00f6ss\u00e4 <strong><a href=\"https:\/\/www.instagram.com\/jabatjatunteet\/\">J\u00e4b\u00e4t &amp; Tunteet<\/a><\/strong> -yhteis\u00f6n kanssa. Istunnon keskustelunaiheet pohjautuivat aktivisti ja kirjailija <strong>bell hooksin<\/strong> teokseen <em>The Will to Change: Masculinity, Men &amp; Love<\/em>. Tapahtuma her\u00e4tti runsaasti huomiota, ja osallistujien antama palaute kertoi kiistattomasta kysynn\u00e4st\u00e4 luoda tilaa miesten haavoittuvaisuudelle Suomessa.<\/span><\/p>\n<p>[\/et_pb_toggle][et_pb_toggle title=&#8221;MASCULINITIES: Thoughts and Reflections 2020&#8243; open_toggle_text_color=&#8221;#510023&#8243; open_toggle_background_color=&#8221;#FEF7FB&#8221; closed_toggle_text_color=&#8221;#DA589B&#8221; closed_toggle_background_color=&#8221;#FEF7FB&#8221; icon_color=&#8221;#DA589B&#8221; open_icon_color=&#8221;#DA589B&#8221; admin_label=&#8221;Henkil\u00f6&#8221; _builder_version=&#8221;4.17.4&#8243; _module_preset=&#8221;default&#8221; title_text_color=&#8221;#510023&#8243; body_text_color=&#8221;#510023&#8243; global_colors_info=&#8221;{}&#8221;]<\/p>\n<p><i><span style=\"font-weight: 400\">MASCULINITIES: Thoughts and Reflections<\/span><\/i><span style=\"font-weight: 400\"> jatkoi maskuliinisuus-teeman ymp\u00e4rill\u00e4 k\u00e4yt\u00e4vi\u00e4 keskusteluja maailmanlaajuisen pandemian keskell\u00e4. Kutsuimme kirjoittajia, taiteilijoita, tutkijoita ja ajattelijoita jakamaan ajatuksiaan kanssamme tilaamalla uusia tekstej\u00e4 ja teoksia heilt\u00e4, mutta lis\u00e4ksi my\u00f6s nostimme esiin jo olemassa olleita projekteja.<\/span><span style=\"font-weight: 400\"><br \/><\/span><\/p>\n<p><span style=\"font-weight: 400\">MASCULINITIES -julkaisu sis\u00e4lt\u00e4\u00e4 erilaisia n\u00e4k\u00f6kulmia tutkija <strong>Nana Blomqvistilta<\/strong> (FI), kirjailija <strong>Arno Boeylt\u00e4<\/strong> (BE), taiteilija <strong>Alexander Cromerilta<\/strong> (NL\/US), nuorisoty\u00f6ntekij\u00e4 <strong>Koen Dedonckerilta<\/strong> (BE), suunnittelija ja kirjailija <strong>Ervin Latimerilta<\/strong> (FI), tutkija <strong>Minna Salamilta<\/strong> (UK\/FI), n\u00e4yttelij\u00e4 ja kirjailija <strong>Jani Toivolalta<\/strong> (FI) sek\u00e4 uusia teoksia kuvittajalta <strong>Caroline Suinnerilta<\/strong> (FI) ja valokuvaaja <strong>Nick Tuliselta<\/strong> (FI). MASCULINITIES sis\u00e4lt\u00e4\u00e4 my\u00f6s toimittajan ja kirjailijan <strong>Joppe De Campeneeren<\/strong> (BE) ja valokuvaajan <strong>Ahmet Polatin<\/strong> (NL) teoksia.\u00a0 <\/span><\/p>\n<p><a href=\"https:\/\/issuu.com\/finncultblx\/docs\/masculinities_-_thoughts___reflections_-_the_finni\" target=\"_blank\" rel=\"noopener\"><span style=\"font-weight: 400\">Lue julkaisu s\u00e4hk\u00f6isen\u00e4<\/span><\/a><\/p>\n<p><span style=\"font-weight: 400\"><em>MASCULINITIES: Thoughts and Reflections<\/em> on saatavilla my\u00f6s painettuna. Jos haluat julkaisun itsellesi tai jaettavaksi, otathan yhteytt\u00e4 osoitteeseen <\/span><a href=\"mailto:info@finncult.be\"><span style=\"font-weight: 400\">info@finncult.be<\/span><\/a><\/p>\n<p>[\/et_pb_toggle][et_pb_toggle title=&#8221;RE\/defining Masculinities Monologues 2019\u20132020&#8243; open_toggle_text_color=&#8221;#510023&#8243; open_toggle_background_color=&#8221;#FEF7FB&#8221; closed_toggle_text_color=&#8221;#DA589B&#8221; closed_toggle_background_color=&#8221;#FEF7FB&#8221; icon_color=&#8221;#DA589B&#8221; open_icon_color=&#8221;#DA589B&#8221; admin_label=&#8221;Henkil\u00f6&#8221; _builder_version=&#8221;4.17.4&#8243; _module_preset=&#8221;default&#8221; title_text_color=&#8221;#510023&#8243; body_text_color=&#8221;#510023&#8243; global_colors_info=&#8221;{}&#8221;]<\/p>\n<p><i><span style=\"font-weight: 400\">RE\/defining Masculinities<\/span><\/i><span style=\"font-weight: 400\"> -videosarja toteutettiin sosiaalisessa mediassa\u00a0kampanjana, jossa eri ihmiset esittiv\u00e4t omia n\u00e4k\u00f6kulmiaan maskuliinisuuden k\u00e4sitteest\u00e4 henkil\u00f6kohtaisissa monologeissa. Monologeja esittiv\u00e4t: <strong>Kevin Groen<\/strong> (NL), <strong>Koen Dedoncker<\/strong> (BE), <strong>Pieter Claes<\/strong> (FI\/BE), <strong>Xavier Gorgol<\/strong> (BE), <strong>Sara Bjarland<\/strong> (NL\/FI), <strong>Adrian Perera<\/strong> (FI), <strong>Neal Leemput<\/strong> (BE), <strong>Ali Jahangiri<\/strong> (FI), <strong>Elio Heres<\/strong> (NL), <strong>Kasper Str\u00f6mman<\/strong> (FI), <strong>Ima Iduozee<\/strong> (FI), <strong>Ariah Lester<\/strong> (NL), <strong>Kriticos<\/strong> (BE), <strong>Kaisa Leka<\/strong> (FI). Videot on kuvannut ja editoinut suomalainen mediataiteilija <strong>Timo Wright<\/strong>. <\/span><\/p>\n<p><span style=\"font-weight: 400\">Sarjaa on esitetty erilaisissa tapahtumissa, muun muassa Beursschouwburgissa ja KAAI-teatterissa Belgiassa sek\u00e4 Helsingin keskustakirjasto Oodissa Suomessa.<\/span><\/p>\n<p><iframe loading=\"lazy\" title=\"Kevin Groen on redefining masculinity and behaviour patterns\" width=\"1080\" height=\"608\" src=\"https:\/\/www.youtube.com\/embed\/SamSqAlah2k?feature=oembed\"  allow=\"accelerometer; autoplay; clipboard-write; encrypted-media; gyroscope; picture-in-picture; web-share\" referrerpolicy=\"strict-origin-when-cross-origin\" allowfullscreen><\/iframe><\/p>\n<p>[\/et_pb_toggle][et_pb_toggle title=&#8221;RE\/defining Masculinities 2019&#8243; open_toggle_text_color=&#8221;#510023&#8243; open_toggle_background_color=&#8221;#FEF7FB&#8221; closed_toggle_text_color=&#8221;#DA589B&#8221; closed_toggle_background_color=&#8221;#FEF7FB&#8221; icon_color=&#8221;#DA589B&#8221; open_icon_color=&#8221;#DA589B&#8221; admin_label=&#8221;Henkil\u00f6&#8221; _builder_version=&#8221;4.17.4&#8243; _module_preset=&#8221;default&#8221; title_text_color=&#8221;#510023&#8243; body_text_color=&#8221;#510023&#8243; global_colors_info=&#8221;{}&#8221;]<\/p>\n<p><span style=\"font-weight: 400\">Instituutin maskuliinisuus-ohjelma k\u00e4ynnistyi vuonna 2019 <\/span><i><span style=\"font-weight: 400\">RE\/defining Masculinities <\/span><\/i><span style=\"font-weight: 400\">-ohjelmalla, ja se toteutettiin maskuliinisuus-teemaisella viikolla kolmessa eri kaupungissa: Helsingiss\u00e4 5.\u20138.11., Amsterdamissa 13.11. ja Brysseliss\u00e4 27.\u201330.11. Ohjelma sis\u00e4lsi paneelikeskusteluja, elokuvan\u00e4yt\u00f6ksi\u00e4, performansseja ja ty\u00f6pajoja, ja niiden j\u00e4rjest\u00e4minen toteutettiin yhteisty\u00f6ss\u00e4 useiden merkitt\u00e4vien yhteisty\u00f6kumppaneiden kanssa: Beursschouwburg ja deBuren Belgiassa, Goethe-instituutti Alankomaissa sek\u00e4 Ekvalita ja Poikien talo Suomessa. <\/span><\/p>\n<p><span style=\"font-weight: 400\">Tapahtumissa kuultiin asiantuntijoiden, tutkijoiden, aktivistien ja taiteilijoiden puheenvuoroja: <strong>James<\/strong> <strong>L\u00f3rien MacDonald<\/strong> (FI), <strong>Ima Iduozee<\/strong> (FI), <strong>Artor Jesus Inker\u00f6<\/strong> (FI), <strong>Jauoud Alloul<\/strong> (BE), <strong>Eric Niyibizi Cyuzuzo<\/strong> (BE), <strong>Jihan Imago<\/strong> (BE), <strong>Harry Lunabba<\/strong> (FI), <strong>Ira Virtanen<\/strong> (FI), <strong>Ylva Perera<\/strong> (FI), <strong>Nina Nyman<\/strong> (FI), <strong>Ahmet Polat<\/strong> (NL) <strong>Jakob L\u00f6fgren<\/strong> (FI), <strong>Nana Blomqvist<\/strong> (FI), <strong>Kriticos Mwansa<\/strong> (BE), <strong>J. M. Kaila<\/strong> (FI), <strong>Alexander Cromer<\/strong> (US), <strong>Jochen K\u00f6nig<\/strong> (DE), <strong>Xavier Gorgol<\/strong> (BE), <strong>Koen Dedoncker<\/strong> (BE), <strong>Kevin Groen<\/strong> (NL), <strong>Oscar Lehtinen<\/strong> (FI) ja monia muita. <\/span><\/p>\n<p><i><span style=\"font-weight: 400\">RE\/defining Masculinities<\/span><\/i><span style=\"font-weight: 400\"> -ohjelma oli my\u00f6s osana Suomen EU-puheenjohtajuuskauden kulttuuriohjelmaa. <\/span><\/p>\n<p>[\/et_pb_toggle][\/et_pb_column][et_pb_column type=&#8221;1_5&#8243; _builder_version=&#8221;4.16&#8243; custom_padding=&#8221;|||&#8221; global_colors_info=&#8221;{}&#8221; custom_padding__hover=&#8221;|||&#8221;][\/et_pb_column][\/et_pb_row][et_pb_row _builder_version=&#8221;4.16&#8243; _module_preset=&#8221;default&#8221; global_colors_info=&#8221;{}&#8221;][et_pb_column type=&#8221;4_4&#8243; _builder_version=&#8221;4.16&#8243; _module_preset=&#8221;default&#8221; global_colors_info=&#8221;{}&#8221;][et_pb_blog fullwidth=&#8221;off&#8221; include_categories=&#8221;71&#8243; use_manual_excerpt=&#8221;off&#8221; show_author=&#8221;off&#8221; show_date=&#8221;off&#8221; show_categories=&#8221;off&#8221; _builder_version=&#8221;4.16&#8243; _module_preset=&#8221;default&#8221; border_width_all=&#8221;0px&#8221; border_style_all=&#8221;none&#8221; global_colors_info=&#8221;{}&#8221;][\/et_pb_blog][\/et_pb_column][\/et_pb_row][\/et_pb_section]<\/p>\n","protected":false},"excerpt":{"rendered":"<p>Maskuliinisuus-ohjelma &nbsp; Monivuotisen ohjelman tavoitteena\u00a0 on her\u00e4tt\u00e4\u00e4 kriittist\u00e4 ajattelua ja haastaa olemassa olevia ennakkok\u00e4sityksi\u00e4 maskuliinisuudesta ja sen erilaisista merkityksist\u00e4 nykyp\u00e4iv\u00e4n yhteiskunnallisessa keskustelussa. Haluamme tarkastella sukupuolta ja seksuaalisuutta intersektionaalisista n\u00e4k\u00f6kulmista. Tarkastelumme kohteena on identiteetin k\u00e4site ja sit\u00e4 kautta my\u00f6s maskuliinisuuden monikerroksisuus ja sen vaikutukset minuuteen. Kuulemme mielell\u00e4mme erilaisista projekteista ymp\u00e4ri maailmaa ja mielell\u00e4mme harkitsemme uusia yhteisty\u00f6kuvioita. [&hellip;]<\/p>\n","protected":false},"author":4,"featured_media":17629,"parent":11043,"menu_order":3,"comment_status":"closed","ping_status":"closed","template":"","meta":{"_acf_changed":false,"_et_pb_use_builder":"on","_et_pb_old_content":"","_et_gb_content_width":"","inline_featured_image":false,"footnotes":""},"class_list":["post-13842","page","type-page","status-publish","has-post-thumbnail","hentry"],"acf":[],"yoast_head":"<!-- This site is optimized with the Yoast SEO plugin v27.5 - https:\/\/yoast.com\/product\/yoast-seo-wordpress\/ -->\n<title>Masculinities - Finnish Cultural Institute for the Benelux<\/title>\n<meta name=\"description\" content=\"Masculinities on Suomen Benelux-instituutin vuonna 2019 aloittama ohjelmakokonaisuus, joka syntyi tarpeesta kyseenalaistaa vallitsevia normeja ja sitoutua my\u00f6s miesten tasa-arvoty\u00f6h\u00f6n.\" \/>\n<meta name=\"robots\" content=\"index, follow, max-snippet:-1, max-image-preview:large, max-video-preview:-1\" \/>\n<link rel=\"canonical\" href=\"https:\/\/finncult.be\/fi\/ohjelma\/masculinities\/\" \/>\n<meta property=\"og:locale\" content=\"fi_FI\" \/>\n<meta property=\"og:type\" content=\"article\" \/>\n<meta property=\"og:title\" content=\"Masculinities - Finnish Cultural Institute for the Benelux\" \/>\n<meta property=\"og:description\" content=\"Masculinities on Suomen Benelux-instituutin vuonna 2019 aloittama ohjelmakokonaisuus, joka syntyi tarpeesta kyseenalaistaa vallitsevia normeja ja sitoutua my\u00f6s miesten tasa-arvoty\u00f6h\u00f6n.\" \/>\n<meta property=\"og:url\" content=\"https:\/\/finncult.be\/fi\/ohjelma\/masculinities\/\" \/>\n<meta property=\"og:site_name\" content=\"Finnish Cultural Institute for the Benelux\" \/>\n<meta property=\"article:modified_time\" content=\"2024-04-24T14:04:34+00:00\" \/>\n<meta property=\"og:image\" content=\"https:\/\/finncult.be\/wp-content\/uploads\/2023\/11\/5-BWBB_Foto-Knelis_1-scaled.jpg\" \/>\n\t<meta property=\"og:image:width\" content=\"2560\" \/>\n\t<meta property=\"og:image:height\" content=\"1706\" \/>\n\t<meta property=\"og:image:type\" content=\"image\/jpeg\" \/>\n<meta name=\"twitter:card\" content=\"summary_large_image\" \/>\n<meta name=\"twitter:label1\" content=\"Arvioitu lukuaika\" \/>\n\t<meta name=\"twitter:data1\" content=\"7 minuuttia\" \/>\n<script type=\"application\/ld+json\" class=\"yoast-schema-graph\">{\"@context\":\"https:\\\/\\\/schema.org\",\"@graph\":[{\"@type\":\"WebPage\",\"@id\":\"https:\\\/\\\/finncult.be\\\/fi\\\/ohjelma\\\/masculinities\\\/\",\"url\":\"https:\\\/\\\/finncult.be\\\/fi\\\/ohjelma\\\/masculinities\\\/\",\"name\":\"Masculinities - Finnish Cultural Institute for the Benelux\",\"isPartOf\":{\"@id\":\"https:\\\/\\\/finncult.be\\\/#website\"},\"primaryImageOfPage\":{\"@id\":\"https:\\\/\\\/finncult.be\\\/fi\\\/ohjelma\\\/masculinities\\\/#primaryimage\"},\"image\":{\"@id\":\"https:\\\/\\\/finncult.be\\\/fi\\\/ohjelma\\\/masculinities\\\/#primaryimage\"},\"thumbnailUrl\":\"https:\\\/\\\/finncult.be\\\/wp-content\\\/uploads\\\/2023\\\/11\\\/5-BWBB_Foto-Knelis_1-scaled.jpg\",\"datePublished\":\"2022-04-27T12:17:32+00:00\",\"dateModified\":\"2024-04-24T14:04:34+00:00\",\"description\":\"Masculinities on Suomen Benelux-instituutin vuonna 2019 aloittama ohjelmakokonaisuus, joka syntyi tarpeesta kyseenalaistaa vallitsevia normeja ja sitoutua my\u00f6s miesten tasa-arvoty\u00f6h\u00f6n.\",\"breadcrumb\":{\"@id\":\"https:\\\/\\\/finncult.be\\\/fi\\\/ohjelma\\\/masculinities\\\/#breadcrumb\"},\"inLanguage\":\"fi\",\"potentialAction\":[{\"@type\":\"ReadAction\",\"target\":[\"https:\\\/\\\/finncult.be\\\/fi\\\/ohjelma\\\/masculinities\\\/\"]}]},{\"@type\":\"ImageObject\",\"inLanguage\":\"fi\",\"@id\":\"https:\\\/\\\/finncult.be\\\/fi\\\/ohjelma\\\/masculinities\\\/#primaryimage\",\"url\":\"https:\\\/\\\/finncult.be\\\/wp-content\\\/uploads\\\/2023\\\/11\\\/5-BWBB_Foto-Knelis_1-scaled.jpg\",\"contentUrl\":\"https:\\\/\\\/finncult.be\\\/wp-content\\\/uploads\\\/2023\\\/11\\\/5-BWBB_Foto-Knelis_1-scaled.jpg\",\"width\":2560,\"height\":1706,\"caption\":\"A man (Rikkert van Huisstede) performs in a blue sparkling dress surrounded by the audience.\"},{\"@type\":\"BreadcrumbList\",\"@id\":\"https:\\\/\\\/finncult.be\\\/fi\\\/ohjelma\\\/masculinities\\\/#breadcrumb\",\"itemListElement\":[{\"@type\":\"ListItem\",\"position\":1,\"name\":\"Home\",\"item\":\"https:\\\/\\\/finncult.be\\\/fi\\\/\"},{\"@type\":\"ListItem\",\"position\":2,\"name\":\"Ohjelma\",\"item\":\"https:\\\/\\\/finncult.be\\\/fi\\\/ohjelma\\\/\"},{\"@type\":\"ListItem\",\"position\":3,\"name\":\"Masculinities\"}]},{\"@type\":\"WebSite\",\"@id\":\"https:\\\/\\\/finncult.be\\\/#website\",\"url\":\"https:\\\/\\\/finncult.be\\\/\",\"name\":\"Finnish Cultural Institute for the Benelux\",\"description\":\"Finnish Cultural Institute for the Benelux\",\"potentialAction\":[{\"@type\":\"SearchAction\",\"target\":{\"@type\":\"EntryPoint\",\"urlTemplate\":\"https:\\\/\\\/finncult.be\\\/?s={search_term_string}\"},\"query-input\":{\"@type\":\"PropertyValueSpecification\",\"valueRequired\":true,\"valueName\":\"search_term_string\"}}],\"inLanguage\":\"fi\"}]}<\/script>\n<!-- \/ Yoast SEO plugin. -->","yoast_head_json":{"title":"Masculinities - Finnish Cultural Institute for the Benelux","description":"Masculinities on Suomen Benelux-instituutin vuonna 2019 aloittama ohjelmakokonaisuus, joka syntyi tarpeesta kyseenalaistaa vallitsevia normeja ja sitoutua my\u00f6s miesten tasa-arvoty\u00f6h\u00f6n.","robots":{"index":"index","follow":"follow","max-snippet":"max-snippet:-1","max-image-preview":"max-image-preview:large","max-video-preview":"max-video-preview:-1"},"canonical":"https:\/\/finncult.be\/fi\/ohjelma\/masculinities\/","og_locale":"fi_FI","og_type":"article","og_title":"Masculinities - Finnish Cultural Institute for the Benelux","og_description":"Masculinities on Suomen Benelux-instituutin vuonna 2019 aloittama ohjelmakokonaisuus, joka syntyi tarpeesta kyseenalaistaa vallitsevia normeja ja sitoutua my\u00f6s miesten tasa-arvoty\u00f6h\u00f6n.","og_url":"https:\/\/finncult.be\/fi\/ohjelma\/masculinities\/","og_site_name":"Finnish Cultural Institute for the Benelux","article_modified_time":"2024-04-24T14:04:34+00:00","og_image":[{"width":2560,"height":1706,"url":"https:\/\/finncult.be\/wp-content\/uploads\/2023\/11\/5-BWBB_Foto-Knelis_1-scaled.jpg","type":"image\/jpeg"}],"twitter_card":"summary_large_image","twitter_misc":{"Arvioitu lukuaika":"7 minuuttia"},"schema":{"@context":"https:\/\/schema.org","@graph":[{"@type":"WebPage","@id":"https:\/\/finncult.be\/fi\/ohjelma\/masculinities\/","url":"https:\/\/finncult.be\/fi\/ohjelma\/masculinities\/","name":"Masculinities - Finnish Cultural Institute for the Benelux","isPartOf":{"@id":"https:\/\/finncult.be\/#website"},"primaryImageOfPage":{"@id":"https:\/\/finncult.be\/fi\/ohjelma\/masculinities\/#primaryimage"},"image":{"@id":"https:\/\/finncult.be\/fi\/ohjelma\/masculinities\/#primaryimage"},"thumbnailUrl":"https:\/\/finncult.be\/wp-content\/uploads\/2023\/11\/5-BWBB_Foto-Knelis_1-scaled.jpg","datePublished":"2022-04-27T12:17:32+00:00","dateModified":"2024-04-24T14:04:34+00:00","description":"Masculinities on Suomen Benelux-instituutin vuonna 2019 aloittama ohjelmakokonaisuus, joka syntyi tarpeesta kyseenalaistaa vallitsevia normeja ja sitoutua my\u00f6s miesten tasa-arvoty\u00f6h\u00f6n.","breadcrumb":{"@id":"https:\/\/finncult.be\/fi\/ohjelma\/masculinities\/#breadcrumb"},"inLanguage":"fi","potentialAction":[{"@type":"ReadAction","target":["https:\/\/finncult.be\/fi\/ohjelma\/masculinities\/"]}]},{"@type":"ImageObject","inLanguage":"fi","@id":"https:\/\/finncult.be\/fi\/ohjelma\/masculinities\/#primaryimage","url":"https:\/\/finncult.be\/wp-content\/uploads\/2023\/11\/5-BWBB_Foto-Knelis_1-scaled.jpg","contentUrl":"https:\/\/finncult.be\/wp-content\/uploads\/2023\/11\/5-BWBB_Foto-Knelis_1-scaled.jpg","width":2560,"height":1706,"caption":"A man (Rikkert van Huisstede) performs in a blue sparkling dress surrounded by the audience."},{"@type":"BreadcrumbList","@id":"https:\/\/finncult.be\/fi\/ohjelma\/masculinities\/#breadcrumb","itemListElement":[{"@type":"ListItem","position":1,"name":"Home","item":"https:\/\/finncult.be\/fi\/"},{"@type":"ListItem","position":2,"name":"Ohjelma","item":"https:\/\/finncult.be\/fi\/ohjelma\/"},{"@type":"ListItem","position":3,"name":"Masculinities"}]},{"@type":"WebSite","@id":"https:\/\/finncult.be\/#website","url":"https:\/\/finncult.be\/","name":"Finnish Cultural Institute for the Benelux","description":"Finnish Cultural Institute for the Benelux","potentialAction":[{"@type":"SearchAction","target":{"@type":"EntryPoint","urlTemplate":"https:\/\/finncult.be\/?s={search_term_string}"},"query-input":{"@type":"PropertyValueSpecification","valueRequired":true,"valueName":"search_term_string"}}],"inLanguage":"fi"}]}},"_links":{"self":[{"href":"https:\/\/finncult.be\/fi\/wp-json\/wp\/v2\/pages\/13842","targetHints":{"allow":["GET"]}}],"collection":[{"href":"https:\/\/finncult.be\/fi\/wp-json\/wp\/v2\/pages"}],"about":[{"href":"https:\/\/finncult.be\/fi\/wp-json\/wp\/v2\/types\/page"}],"author":[{"embeddable":true,"href":"https:\/\/finncult.be\/fi\/wp-json\/wp\/v2\/users\/4"}],"replies":[{"embeddable":true,"href":"https:\/\/finncult.be\/fi\/wp-json\/wp\/v2\/comments?post=13842"}],"version-history":[{"count":17,"href":"https:\/\/finncult.be\/fi\/wp-json\/wp\/v2\/pages\/13842\/revisions"}],"predecessor-version":[{"id":18446,"href":"https:\/\/finncult.be\/fi\/wp-json\/wp\/v2\/pages\/13842\/revisions\/18446"}],"up":[{"embeddable":true,"href":"https:\/\/finncult.be\/fi\/wp-json\/wp\/v2\/pages\/11043"}],"wp:featuredmedia":[{"embeddable":true,"href":"https:\/\/finncult.be\/fi\/wp-json\/wp\/v2\/media\/17629"}],"wp:attachment":[{"href":"https:\/\/finncult.be\/fi\/wp-json\/wp\/v2\/media?parent=13842"}],"curies":[{"name":"wp","href":"https:\/\/api.w.org\/{rel}","templated":true}]}}