{"id":11052,"date":"2013-05-02T20:08:17","date_gmt":"2013-05-02T18:08:17","guid":{"rendered":"http:\/\/finncult.asiakkaat.sigmatic.fi\/instituutti\/"},"modified":"2025-06-11T15:05:55","modified_gmt":"2025-06-11T13:05:55","slug":"instituutti","status":"publish","type":"page","link":"https:\/\/finncult.be\/fi\/instituutti\/","title":{"rendered":"Instituutti"},"content":{"rendered":"<p>[et_pb_section fb_built=&#8221;1&#8243; fullwidth=&#8221;on&#8221; _builder_version=&#8221;4.16&#8243; _module_preset=&#8221;default&#8221; global_colors_info=&#8221;{}&#8221;][et_pb_fullwidth_header title=&#8221;Instituutti&#8221; text_orientation=&#8221;center&#8221; background_overlay_color=&#8221;rgba(81,0,35,0.5)&#8221; _builder_version=&#8221;4.17.6&#8243; _module_preset=&#8221;default&#8221; title_font=&#8221;no1-Regular||||||||&#8221; title_text_align=&#8221;center&#8221; title_font_size=&#8221;60px&#8221; background_image=&#8221;https:\/\/finncult.be\/wp-content\/uploads\/2022\/06\/IMG_0616-scaled-e1655489317989.jpg&#8221; min_height=&#8221;493px&#8221; custom_css_title=&#8221;padding-top:15%;&#8221; global_colors_info=&#8221;{}&#8221;][\/et_pb_fullwidth_header][\/et_pb_section][et_pb_section fb_built=&#8221;1&#8243; _builder_version=&#8221;4.16&#8243; background_color=&#8221;#FEF7FB&#8221; global_colors_info=&#8221;{}&#8221;][et_pb_row column_structure=&#8221;1_5,3_5,1_5&#8243; _builder_version=&#8221;4.16&#8243; background_size=&#8221;initial&#8221; background_position=&#8221;top_left&#8221; background_repeat=&#8221;repeat&#8221; custom_padding=&#8221;||||false|false&#8221; global_colors_info=&#8221;{}&#8221;][et_pb_column type=&#8221;1_5&#8243; _builder_version=&#8221;4.16&#8243; custom_padding=&#8221;|||&#8221; global_colors_info=&#8221;{}&#8221; custom_padding__hover=&#8221;|||&#8221;][\/et_pb_column][et_pb_column type=&#8221;3_5&#8243; _builder_version=&#8221;4.16&#8243; custom_padding=&#8221;|||&#8221; global_colors_info=&#8221;{}&#8221; custom_padding__hover=&#8221;|||&#8221;][et_pb_text admin_label=&#8221;Teksti&#8221; _builder_version=&#8221;4.24.3&#8243; background_size=&#8221;initial&#8221; background_position=&#8221;top_left&#8221; background_repeat=&#8221;repeat&#8221; global_colors_info=&#8221;{}&#8221;]<\/p>\n<h1>Suomen Benelux-instituutti<\/h1>\n<p>&nbsp;<\/p>\n<p>Osana Suomen kansainv\u00e4list\u00e4 taiteen, tieteen ja yhteiskunnan kulttuurivienti\u00e4 ja kulttuurivaihtoa Suomen Benelux-instituutti luo ja yll\u00e4pit\u00e4\u00e4 yhteyksi\u00e4 Suomen ja Benelux-alueen v\u00e4lisille kulttuurin ja taiteen ammattilaisille ja toimijoille.<\/p>\n<p><span style=\"font-weight: 400;\">Suomen Benelux-instituutti perustettiin vuonna 1993. Instituutti aloitti toimintansa Antwerpeniss\u00e4, Belgiassa, jossa se ehti toimia 13 vuoden ajan. Vuonna 2006 toimisto muutti nykyiseen osoitteeseensa Brysseliin, Sablonin alueelle. Instituuttia yll\u00e4pit\u00e4\u00e4 Suomen Benelux-instituutin s\u00e4\u00e4ti\u00f6 ja sen toimintaa rahoittaa Suomen opetus- ja kulttuuriministeri\u00f6.<\/span><\/p>\n<p><span style=\"font-weight: 400;\">Olemme <a href=\"https:\/\/instituutit.fi\/\" target=\"_blank\" rel=\"noopener\">Suomen kulttuuri- ja tiedeinstituutit ry:n (SKTI)<\/a> j\u00e4sen. SKTI:n p\u00e4\u00e4asiallinen toiminta tapahtuu Helsingiss\u00e4, mutta verkosto koostuu 17:sta eri puolilla maailmaa sijaitsevasta kulttuuri- ja tiede-instituutista. <\/span><\/p>\n<p><span style=\"font-weight: 400;\">Suomen Benelux-instituutti tekee yhteisty\u00f6t\u00e4 my\u00f6s muiden suomalaisten organisaatioiden kanssa <a href=\"https:\/\/www.team-finland.fi\/en\" target=\"_blank\" rel=\"noopener\">Team Finland<\/a>-verkostossa sek\u00e4 muiden eurooppalaisten kulttuuri-instituuttien kanssa osana <a href=\"https:\/\/www.eunicglobal.eu\/\" target=\"_blank\" rel=\"noopener\">EUNIC-verkostoa<\/a> (European Union National Institutes for Culture). <\/span><span style=\"font-weight: 400;\">Instituuti toimii EUNIC Bryssel -verkoston puheenjohtajana vuonna 2021\u20132022.<\/span><\/p>\n<p>Henkil\u00f6kunnan yhteystiedot l\u00f6yd\u00e4t <a href=\"http:\/\/finncult.asiakkaat.sigmatic.fi\/yhteystiedot\/?lang=fi\" target=\"_blank\" rel=\"noopener\">yhteystiedot-sivulta<\/a>.<\/p>\n<p>[\/et_pb_text][\/et_pb_column][et_pb_column type=&#8221;1_5&#8243; _builder_version=&#8221;4.16&#8243; custom_padding=&#8221;|||&#8221; global_colors_info=&#8221;{}&#8221; custom_padding__hover=&#8221;|||&#8221;][\/et_pb_column][\/et_pb_row][et_pb_row column_structure=&#8221;1_5,3_5,1_5&#8243; _builder_version=&#8221;4.16&#8243; _module_preset=&#8221;default&#8221; global_colors_info=&#8221;{}&#8221;][et_pb_column type=&#8221;1_5&#8243; _builder_version=&#8221;4.16&#8243; _module_preset=&#8221;default&#8221; global_colors_info=&#8221;{}&#8221;][\/et_pb_column][et_pb_column type=&#8221;3_5&#8243; _builder_version=&#8221;4.16&#8243; _module_preset=&#8221;default&#8221; global_colors_info=&#8221;{}&#8221;][et_pb_text _builder_version=&#8221;4.17.4&#8243; _module_preset=&#8221;default&#8221; global_colors_info=&#8221;{}&#8221;]<\/p>\n<h1 id=\"tw-target-text\" class=\"tw-data-text tw-text-large tw-ta\" dir=\"ltr\" data-placeholder=\"Translation\"><span class=\"Y2IQFc\" lang=\"fi\">Organisaatio<\/span><\/h1>\n<p>[\/et_pb_text][et_pb_toggle title=&#8221;STRATEGIA&#8221; open_toggle_text_color=&#8221;#510023&#8243; closed_toggle_text_color=&#8221;#DA589B&#8221; icon_color=&#8221;#DA589B&#8221; open_icon_color=&#8221;#DA589B&#8221; _builder_version=&#8221;4.21.0&#8243; _module_preset=&#8221;default&#8221; title_text_color=&#8221;#510023&#8243; background_color=&#8221;#FEF7FB&#8221; border_color_all=&#8221;#DA589B&#8221; global_colors_info=&#8221;{}&#8221;]<\/p>\n<h2>Strategia vuosille 2024\u20132026<\/h2>\n<h3><span style=\"font-weight: 400;\">TEHT\u00c4V\u00c4MME<\/span><\/h3>\n<p>Luomme kest\u00e4vi\u00e4 <strong>yhteyksi\u00e4<\/strong> ja ty\u00f6tilaisuuksia kulttuurin ja taiteen ammattilaisille Suomen ja Benelux-alueen v\u00e4lill\u00e4 ja edist\u00e4mme suomalaisen kulttuurin n\u00e4kyvyytt\u00e4 Benelux-maissa.<\/p>\n<h3>TOIMINTAYMP\u00c4RIST\u00d6MME<\/h3>\n<p>Benelux on lyhyiden v\u00e4limatkojen alue, jonka yhteiskunnat ovat monimuotoisia, kulttuuria vahvasti arvostavia ja avoimia. Instituutin sijainti Brysseliss\u00e4 on ainutlaatuinen: olemme Euroopan unionin <strong>ytimess\u00e4<\/strong>, keskell\u00e4 yhteist\u00e4 p\u00e4\u00e4t\u00f6ksentekoa, jossa instituutilla on mahdollisuus vaikuttaa eurooppalaisiin yleis\u00f6ihin. Ohjelman digitaalisten ulottuvuuden kautta saavutettavuus on viel\u00e4 laajempi.<\/p>\n<h3><span style=\"font-weight: 400;\">VISIOMME<\/span><\/h3>\n<p>Suomen Benelux-instituutti on <strong>n\u00e4kemyksellinen<\/strong> asiantuntijaorganisaatio ja luotettava kansainv\u00e4linen yhteisty\u00f6kumppani. Se on merkitt\u00e4vin ja keskeisin suomalaisen kulttuurin ja luovien alojen vahvistaja Benelux-maissa. Instituutin ohjelmaty\u00f6 vaikuttaa ajankohtaiseen yhteiskunnalliseen keskusteluun taiteen ja kulttuurin keinoin.<\/p>\n<h3>ARVOMME<\/h3>\n<h4>Yhteisty\u00f6<\/h4>\n<p>Arvostamme yhteisty\u00f6kumppaneitamme ja olemme luotettavana toimijana aktiivisesti mukana toiminta-alueemme verkostoissa. Luomme uusia ja pitk\u00e4kestoisia yhteyksi\u00e4, joista toimijat hy\u00f6tyv\u00e4t mahdollisimman laajasti.<\/p>\n<h4>Yhdenvertaisuus<\/h4>\n<p>Edist\u00e4mme ty\u00f6ss\u00e4mme ja arjessamme tasa-arvoa, yhdenvertaisuutta ja osallisuutta. Ty\u00f6skentelemme p\u00e4\u00e4m\u00e4\u00e4r\u00e4tietoisesti luodaksemme oikeudenmukaisempia toimintatapoja taiteen ja kulttuurin kent\u00e4ll\u00e4.<\/p>\n<h4>Vastuullisuus<\/h4>\n<p>Kulttuuri on voimakas ty\u00f6kalu ekologiseen murrokseen tarvittavassa arvojen, toimintatapojen ja yhteiskunnallisten kysymysten uudelleenajattelussa. Vakiinnutamme ekologisesti ja sosiaalisesti kest\u00e4vi\u00e4 ty\u00f6skentelytapoja ja k\u00e4yt\u00e4nt\u00f6j\u00e4 kansainv\u00e4lisen liikkuvuuden ja kulttuuriviennin edist\u00e4miseen.<\/p>\n<p>&nbsp;<\/p>\n<h3>STRATEGISET TAVOITTEET JA NIIDEN SEURANTA<\/h3>\n<p>Vuonna 2024 aloitamme uuden strategiakauden. Keskitymme toiminnassamme nelj\u00e4\u00e4n strategiseen tavoitteeseen, joita tarkastelemme toimintasuunnitelmassamme ja joiden toteutumista seuraamme toimintakertomuksissamme vuosittain. S\u00e4\u00e4ti\u00f6n hallitus arvioi strategisten tavoitteiden toteutumista ja p\u00e4ivitt\u00e4\u00e4 strategiaa tarpeen mukaan.<\/p>\n<p>&nbsp;<\/p>\n<h4>Tavoite 1: Toimintavarmuus ja rahoitus vahvistuu<\/h4>\n<p>Rahoitusta vahvistetaan etsim\u00e4ll\u00e4 uusia rahoitusl\u00e4hteit\u00e4 sek\u00e4 kasvattamalla nykyisi\u00e4, niin ett\u00e4 omarahoituksen osuus kokonaisrahoituksesta on 25 prosenttia. Edist\u00e4mme ja kannustamme osaltamme valtionavustuksen monivuotisuuteen siirtymist\u00e4.<\/p>\n<p>Varmistamme, ett\u00e4 yhteisty\u00f6kumppanuudet s\u00e4ilyv\u00e4t ja vahvistuvat my\u00f6s instituutissa tapahtuvien henkil\u00f6vaihdosten yli.<\/p>\n<p>Kehit\u00e4mme edelleen hallintoon liittyvi\u00e4 prosessejamme kevyemmiksi ja ketter\u00e4mmiksi digitaalisuutta hy\u00f6dynt\u00e4en.<\/p>\n<p>&nbsp;<\/p>\n<h4>Tavoite 2: Ohjelman vaikuttavuus kasvaa<\/h4>\n<p>Ohjelman vaikuttavuus kasvaa vuoteen 2026 menness\u00e4 30 prosentilla. Ohjenuorana toimii ohjelmatoiminnan strategia, ty\u00f6kaluna seurannassa k\u00e4ytet\u00e4\u00e4n instituuttiverkoston yhteist\u00e4 CRM (customer relationship management) -ty\u00f6kalua ja mittareina k\u00e4ytet\u00e4\u00e4n ohjelmatoimintaan k\u00e4ytetty\u00e4 rahaa, yleis\u00f6- ja osallistujam\u00e4\u00e4ri\u00e4 sek\u00e4 viestinn\u00e4n mittaristoja.<\/p>\n<p>&nbsp;<\/p>\n<h4>Tavoite 3: Toiminnan eurooppalainen vaikuttavuus lis\u00e4\u00e4ntyy<\/h4>\n<p>Haemme aktiivisesti kumppanuuksia ja yhteisty\u00f6hankkeita Benelux-maissa toimivien kulttuuriverkostojen, Belgian (2030) ja Alankomaiden (2032) tulevien vuosien Euroopan kulttuurip\u00e4\u00e4kaupunkikandidaattien sek\u00e4 muiden vastaavien toimijoiden kanssa. Uusien kumppanuuksien my\u00f6t\u00e4 tavoitamme uusia yleis\u00f6j\u00e4, verkostoja ja ty\u00f6tilaisuuksia kulttuurialan ammattilaisille.<\/p>\n<p>Olemme tiiviisti mukana instituuttiverkoston yhteishankkeissa resurssien mukaan.<\/p>\n<p>&nbsp;<\/p>\n<h4>Tavoite 4: Toimimme verkostoissamme kest\u00e4v\u00e4n kehityksen edell\u00e4k\u00e4vij\u00e4n\u00e4<\/h4>\n<p>Edist\u00e4mme ekologisesti kest\u00e4v\u00e4mpi\u00e4 k\u00e4yt\u00e4nt\u00f6j\u00e4 taiteen ja kulttuurin kent\u00e4ll\u00e4 erityisesti kansainv\u00e4listen yhteistuotantojen ja liikkuvuuden osalta. Jatkamme kansainv\u00e4listen tuotantojen hiilijalanj\u00e4ljen mittaamista. Paneudumme my\u00f6s digitaalisten tuotantojen ekologisempaan suunnitteluun.<\/p>\n<p>[\/et_pb_toggle][et_pb_toggle title=&#8221;INSTITUUTIN VUOSIKERTOMUKSET &#8221; open_toggle_text_color=&#8221;#510023&#8243; closed_toggle_text_color=&#8221;#DA589B&#8221; icon_color=&#8221;#DA589B&#8221; open_icon_color=&#8221;#DA589B&#8221; _builder_version=&#8221;4.27.2&#8243; _module_preset=&#8221;default&#8221; title_text_color=&#8221;#510023&#8243; background_color=&#8221;#FEF7FB&#8221; hover_enabled=&#8221;0&#8243; border_color_all=&#8221;#DA589B&#8221; global_colors_info=&#8221;{}&#8221; sticky_enabled=&#8221;0&#8243;]<\/p>\n<h3>Suomenkieliset versiot:<\/h3>\n<p><a href=\"https:\/\/finncult.be\/wp-content\/uploads\/2025\/06\/Suomen-Benelux-instituutti-vuosikertomus-2024-website.pdf\" target=\"_blank\" rel=\"noopener\">Vuosikertomus 2024<\/a><\/p>\n<p><a href=\"https:\/\/finncult.be\/wp-content\/uploads\/2024\/04\/Vuosikertomus-2023-Benelux-institutti-web.pdf\" target=\"_blank\" rel=\"noopener\">Vuosikertomus 2023<\/a><\/p>\n<p><a href=\"https:\/\/finncult.be\/wp-content\/uploads\/2023\/05\/Vuosikertomus-2022-Benelux-institutti-.pdf\" target=\"_blank\" rel=\"noopener\">Vuosikertomus 2022<\/a><\/p>\n<p><a href=\"https:\/\/finncult.be\/wp-content\/uploads\/2022\/06\/Vuosikertomus-2021-Suomen-Benelux-instituutti-PIENI.pdf\" target=\"_blank\" rel=\"attachment noopener wp-att-13133\">Vuosikertomus 2021<\/a><\/p>\n<p><a href=\"https:\/\/finncult.be\/wp-content\/uploads\/2022\/06\/Benelux_Vuosikertomus_2020_lowres.pdf\" target=\"_blank\" rel=\"attachment noopener wp-att-13154\">Vuosikertomus 2020<\/a><\/p>\n<p><a href=\"https:\/\/finncult.be\/wp-content\/uploads\/2022\/06\/Annual-Report-2019-Finnish.pdf\" target=\"_blank\" rel=\"attachment noopener wp-att-13161\">Vuosikertomus 2019<\/a><\/p>\n<p><a href=\"https:\/\/finncult.be\/wp-content\/uploads\/2022\/06\/Annual-Report-2018-Finnish.pdf\" target=\"_blank\" rel=\"attachment noopener wp-att-13169\">Vuosikertomus 2018<\/a><\/p>\n<p><a href=\"https:\/\/finncult.be\/wp-content\/uploads\/2022\/06\/Annual-Report-2017-Finnish.pdf\" target=\"_blank\" rel=\"attachment noopener wp-att-13175\">Vuosikertomus 2017<\/a><\/p>\n<h3>Englanninkieliset versiot:<\/h3>\n<p><a href=\"https:\/\/finncult.be\/wp-content\/uploads\/2023\/07\/FCI-Annual-Report-2022-EN.pdf\" target=\"_blank\" rel=\"noopener\">Annual Report 2022<\/a><\/p>\n<p><a href=\"https:\/\/finncult.be\/wp-content\/uploads\/2022\/06\/Annual-Report-2021-English.pdf\" rel=\"attachment wp-att-13145\">Annual Report 2021<\/a><\/p>\n<p>[\/et_pb_toggle][et_pb_toggle title=&#8221;HALLINTO&#8221; open_toggle_text_color=&#8221;#510023&#8243; closed_toggle_text_color=&#8221;#DA589B&#8221; icon_color=&#8221;#DA589B&#8221; open_icon_color=&#8221;#DA589B&#8221; _builder_version=&#8221;4.24.3&#8243; _module_preset=&#8221;default&#8221; title_text_color=&#8221;#510023&#8243; background_color=&#8221;#FEF7FB&#8221; border_color_all=&#8221;#DA589B&#8221; global_colors_info=&#8221;{}&#8221;]<\/p>\n<h2 style=\"text-align: left;\">Suomen Benelux-instituutin s\u00e4\u00e4ti\u00f6n hallitus<\/h2>\n<p>Suomen Benelux-instituuttia yll\u00e4pit\u00e4\u00e4 Suomen Benelux-instituutin s\u00e4\u00e4ti\u00f6, jonka kotipaikkana on Helsinki.<\/p>\n<h3>S\u00e4\u00e4ti\u00f6n hallitus:<\/h3>\n<p><strong>Paula Raitis<\/strong>, puheenjohtaja, j\u00e4sen (Suomen Merimieskirkko), henkil\u00f6st\u00f6p\u00e4\u00e4llikk\u00f6<\/p>\n<p><strong>Martti Kivist\u00f6<\/strong>, varapuheenjohtaja, oikeustieteen tohtori, varatuomari<\/p>\n<p><strong>Pirita N\u00e4kk\u00e4l\u00e4j\u00e4rvi<\/strong>, j\u00e4sen (Suomen Kulttuurirahasto), Saamelaisk\u00e4r\u00e4jien puheenjohtaja<\/p>\n<p><strong>Lieven Ameel<\/strong>, j\u00e4sen, dosentti<\/p>\n<p><strong>Antti Wihanto<\/strong>, j\u00e4sen, Belgian konsuli<\/p>\n<p>&nbsp;<\/p>\n<h3>Varaj\u00e4senet:<\/h3>\n<p><strong>Iiris Kivim\u00e4ki<\/strong>, varaj\u00e4sen (Suomen Merimieskirkko), asiantuntija, yritysvarainhankinta<\/p>\n<p><strong>Petri Lahesmaa<\/strong>, varaj\u00e4sen, EU-konsultti, yritt\u00e4j\u00e4<\/p>\n<p><strong>Leena Malkki<\/strong>, varaj\u00e4sen (Suomen Kulttuurirahasto), yliopistonlehtori<\/p>\n<p><strong>Marja Rislakki<\/strong>, varaj\u00e4sen, suurl\u00e4hettil\u00e4s<\/p>\n<p><strong>Riikka Thitz<\/strong>, varaj\u00e4sen, kuvataiteen maisteri, kuraattori<\/p>\n<p>&nbsp;<\/p>\n<p>S\u00e4\u00e4ti\u00f6t\u00e4 koskevissa asioissa yhteyshenkil\u00f6n\u00e4 on instituutin hallintop\u00e4\u00e4llikk\u00f6\u00a0<strong>Eeva-Maria Viitanen <\/strong>(<a href=\"mailto:eeva-maria.viitanen@finncult.be\" target=\"_blank\" rel=\"noopener\">eeva-maria.viitanen@finncult.be<\/a>), joka toimii my\u00f6s s\u00e4\u00e4ti\u00f6n hallituksen sihteerin\u00e4.<\/p>\n<p>S\u00e4\u00e4ti\u00f6n yhteystiedot (ei k\u00e4ynti\u00e4):<br \/>Suomen Benelux-instituutin s\u00e4\u00e4ti\u00f6<br \/>Kalliolinnantie 4<br \/>00140 Helsinki<\/p>\n<p>[\/et_pb_toggle][\/et_pb_column][et_pb_column type=&#8221;1_5&#8243; _builder_version=&#8221;4.16&#8243; _module_preset=&#8221;default&#8221; global_colors_info=&#8221;{}&#8221;][\/et_pb_column][\/et_pb_row][\/et_pb_section]<\/p>\n","protected":false},"excerpt":{"rendered":"<p>Suomen Benelux-instituutti &nbsp; Osana Suomen kansainv\u00e4list\u00e4 taiteen, tieteen ja yhteiskunnan kulttuurivienti\u00e4 ja kulttuurivaihtoa Suomen Benelux-instituutti luo ja yll\u00e4pit\u00e4\u00e4 yhteyksi\u00e4 Suomen ja Benelux-alueen v\u00e4lisille kulttuurin ja taiteen ammattilaisille ja toimijoille. Suomen Benelux-instituutti perustettiin vuonna 1993. Instituutti aloitti toimintansa Antwerpeniss\u00e4, Belgiassa, jossa se ehti toimia 13 vuoden ajan. Vuonna 2006 toimisto muutti nykyiseen osoitteeseensa Brysseliin, Sablonin alueelle. [&hellip;]<\/p>\n","protected":false},"author":4,"featured_media":12752,"parent":0,"menu_order":3,"comment_status":"open","ping_status":"closed","template":"","meta":{"_acf_changed":false,"_et_pb_use_builder":"on","_et_pb_old_content":"","_et_gb_content_width":"","inline_featured_image":false,"footnotes":""},"class_list":["post-11052","page","type-page","status-publish","has-post-thumbnail","hentry"],"acf":[],"yoast_head":"<!-- This site is optimized with the Yoast SEO plugin v27.5 - https:\/\/yoast.com\/product\/yoast-seo-wordpress\/ -->\n<title>Instituutti - Finnish Cultural Institute for the Benelux<\/title>\n<meta name=\"description\" content=\"Suomen Benelux-instituutti luo ja yll\u00e4pit\u00e4\u00e4 yhteyksi\u00e4 Suomen ja Benelux-alueen v\u00e4lisille kulttuurin ja taiteen ammattilaisille ja toimijoille.\" \/>\n<meta name=\"robots\" content=\"index, follow, max-snippet:-1, max-image-preview:large, max-video-preview:-1\" \/>\n<link rel=\"canonical\" href=\"https:\/\/finncult.be\/fi\/instituutti\/\" \/>\n<meta property=\"og:locale\" content=\"fi_FI\" \/>\n<meta property=\"og:type\" content=\"article\" \/>\n<meta property=\"og:title\" content=\"Instituutti - Finnish Cultural Institute for the Benelux\" \/>\n<meta property=\"og:description\" content=\"Suomen Benelux-instituutti luo ja yll\u00e4pit\u00e4\u00e4 yhteyksi\u00e4 Suomen ja Benelux-alueen v\u00e4lisille kulttuurin ja taiteen ammattilaisille ja toimijoille.\" \/>\n<meta property=\"og:url\" content=\"https:\/\/finncult.be\/fi\/instituutti\/\" \/>\n<meta property=\"og:site_name\" content=\"Finnish Cultural Institute for the Benelux\" \/>\n<meta property=\"article:modified_time\" content=\"2025-06-11T13:05:55+00:00\" \/>\n<meta property=\"og:image\" content=\"https:\/\/finncult.be\/wp-content\/uploads\/2022\/05\/1.png\" \/>\n\t<meta property=\"og:image:width\" content=\"1600\" \/>\n\t<meta property=\"og:image:height\" content=\"600\" \/>\n\t<meta property=\"og:image:type\" content=\"image\/png\" \/>\n<meta name=\"twitter:card\" content=\"summary_large_image\" \/>\n<meta name=\"twitter:label1\" content=\"Arvioitu lukuaika\" \/>\n\t<meta name=\"twitter:data1\" content=\"3 minuuttia\" \/>\n<script type=\"application\/ld+json\" class=\"yoast-schema-graph\">{\"@context\":\"https:\\\/\\\/schema.org\",\"@graph\":[{\"@type\":\"WebPage\",\"@id\":\"https:\\\/\\\/finncult.be\\\/fi\\\/instituutti\\\/\",\"url\":\"https:\\\/\\\/finncult.be\\\/fi\\\/instituutti\\\/\",\"name\":\"Instituutti - Finnish Cultural Institute for the Benelux\",\"isPartOf\":{\"@id\":\"https:\\\/\\\/finncult.be\\\/#website\"},\"primaryImageOfPage\":{\"@id\":\"https:\\\/\\\/finncult.be\\\/fi\\\/instituutti\\\/#primaryimage\"},\"image\":{\"@id\":\"https:\\\/\\\/finncult.be\\\/fi\\\/instituutti\\\/#primaryimage\"},\"thumbnailUrl\":\"https:\\\/\\\/finncult.be\\\/wp-content\\\/uploads\\\/2022\\\/05\\\/1.png\",\"datePublished\":\"2013-05-02T18:08:17+00:00\",\"dateModified\":\"2025-06-11T13:05:55+00:00\",\"description\":\"Suomen Benelux-instituutti luo ja yll\u00e4pit\u00e4\u00e4 yhteyksi\u00e4 Suomen ja Benelux-alueen v\u00e4lisille kulttuurin ja taiteen ammattilaisille ja toimijoille.\",\"breadcrumb\":{\"@id\":\"https:\\\/\\\/finncult.be\\\/fi\\\/instituutti\\\/#breadcrumb\"},\"inLanguage\":\"fi\",\"potentialAction\":[{\"@type\":\"ReadAction\",\"target\":[\"https:\\\/\\\/finncult.be\\\/fi\\\/instituutti\\\/\"]}]},{\"@type\":\"ImageObject\",\"inLanguage\":\"fi\",\"@id\":\"https:\\\/\\\/finncult.be\\\/fi\\\/instituutti\\\/#primaryimage\",\"url\":\"https:\\\/\\\/finncult.be\\\/wp-content\\\/uploads\\\/2022\\\/05\\\/1.png\",\"contentUrl\":\"https:\\\/\\\/finncult.be\\\/wp-content\\\/uploads\\\/2022\\\/05\\\/1.png\",\"width\":1600,\"height\":600,\"caption\":\"The Finnish institute\"},{\"@type\":\"BreadcrumbList\",\"@id\":\"https:\\\/\\\/finncult.be\\\/fi\\\/instituutti\\\/#breadcrumb\",\"itemListElement\":[{\"@type\":\"ListItem\",\"position\":1,\"name\":\"Home\",\"item\":\"https:\\\/\\\/finncult.be\\\/fi\\\/\"},{\"@type\":\"ListItem\",\"position\":2,\"name\":\"Instituutti\"}]},{\"@type\":\"WebSite\",\"@id\":\"https:\\\/\\\/finncult.be\\\/#website\",\"url\":\"https:\\\/\\\/finncult.be\\\/\",\"name\":\"Finnish Cultural Institute for the Benelux\",\"description\":\"Finnish Cultural Institute for the Benelux\",\"potentialAction\":[{\"@type\":\"SearchAction\",\"target\":{\"@type\":\"EntryPoint\",\"urlTemplate\":\"https:\\\/\\\/finncult.be\\\/?s={search_term_string}\"},\"query-input\":{\"@type\":\"PropertyValueSpecification\",\"valueRequired\":true,\"valueName\":\"search_term_string\"}}],\"inLanguage\":\"fi\"}]}<\/script>\n<!-- \/ Yoast SEO plugin. -->","yoast_head_json":{"title":"Instituutti - Finnish Cultural Institute for the Benelux","description":"Suomen Benelux-instituutti luo ja yll\u00e4pit\u00e4\u00e4 yhteyksi\u00e4 Suomen ja Benelux-alueen v\u00e4lisille kulttuurin ja taiteen ammattilaisille ja toimijoille.","robots":{"index":"index","follow":"follow","max-snippet":"max-snippet:-1","max-image-preview":"max-image-preview:large","max-video-preview":"max-video-preview:-1"},"canonical":"https:\/\/finncult.be\/fi\/instituutti\/","og_locale":"fi_FI","og_type":"article","og_title":"Instituutti - Finnish Cultural Institute for the Benelux","og_description":"Suomen Benelux-instituutti luo ja yll\u00e4pit\u00e4\u00e4 yhteyksi\u00e4 Suomen ja Benelux-alueen v\u00e4lisille kulttuurin ja taiteen ammattilaisille ja toimijoille.","og_url":"https:\/\/finncult.be\/fi\/instituutti\/","og_site_name":"Finnish Cultural Institute for the Benelux","article_modified_time":"2025-06-11T13:05:55+00:00","og_image":[{"width":1600,"height":600,"url":"https:\/\/finncult.be\/wp-content\/uploads\/2022\/05\/1.png","type":"image\/png"}],"twitter_card":"summary_large_image","twitter_misc":{"Arvioitu lukuaika":"3 minuuttia"},"schema":{"@context":"https:\/\/schema.org","@graph":[{"@type":"WebPage","@id":"https:\/\/finncult.be\/fi\/instituutti\/","url":"https:\/\/finncult.be\/fi\/instituutti\/","name":"Instituutti - Finnish Cultural Institute for the Benelux","isPartOf":{"@id":"https:\/\/finncult.be\/#website"},"primaryImageOfPage":{"@id":"https:\/\/finncult.be\/fi\/instituutti\/#primaryimage"},"image":{"@id":"https:\/\/finncult.be\/fi\/instituutti\/#primaryimage"},"thumbnailUrl":"https:\/\/finncult.be\/wp-content\/uploads\/2022\/05\/1.png","datePublished":"2013-05-02T18:08:17+00:00","dateModified":"2025-06-11T13:05:55+00:00","description":"Suomen Benelux-instituutti luo ja yll\u00e4pit\u00e4\u00e4 yhteyksi\u00e4 Suomen ja Benelux-alueen v\u00e4lisille kulttuurin ja taiteen ammattilaisille ja toimijoille.","breadcrumb":{"@id":"https:\/\/finncult.be\/fi\/instituutti\/#breadcrumb"},"inLanguage":"fi","potentialAction":[{"@type":"ReadAction","target":["https:\/\/finncult.be\/fi\/instituutti\/"]}]},{"@type":"ImageObject","inLanguage":"fi","@id":"https:\/\/finncult.be\/fi\/instituutti\/#primaryimage","url":"https:\/\/finncult.be\/wp-content\/uploads\/2022\/05\/1.png","contentUrl":"https:\/\/finncult.be\/wp-content\/uploads\/2022\/05\/1.png","width":1600,"height":600,"caption":"The Finnish institute"},{"@type":"BreadcrumbList","@id":"https:\/\/finncult.be\/fi\/instituutti\/#breadcrumb","itemListElement":[{"@type":"ListItem","position":1,"name":"Home","item":"https:\/\/finncult.be\/fi\/"},{"@type":"ListItem","position":2,"name":"Instituutti"}]},{"@type":"WebSite","@id":"https:\/\/finncult.be\/#website","url":"https:\/\/finncult.be\/","name":"Finnish Cultural Institute for the Benelux","description":"Finnish Cultural Institute for the Benelux","potentialAction":[{"@type":"SearchAction","target":{"@type":"EntryPoint","urlTemplate":"https:\/\/finncult.be\/?s={search_term_string}"},"query-input":{"@type":"PropertyValueSpecification","valueRequired":true,"valueName":"search_term_string"}}],"inLanguage":"fi"}]}},"_links":{"self":[{"href":"https:\/\/finncult.be\/fi\/wp-json\/wp\/v2\/pages\/11052","targetHints":{"allow":["GET"]}}],"collection":[{"href":"https:\/\/finncult.be\/fi\/wp-json\/wp\/v2\/pages"}],"about":[{"href":"https:\/\/finncult.be\/fi\/wp-json\/wp\/v2\/types\/page"}],"author":[{"embeddable":true,"href":"https:\/\/finncult.be\/fi\/wp-json\/wp\/v2\/users\/4"}],"replies":[{"embeddable":true,"href":"https:\/\/finncult.be\/fi\/wp-json\/wp\/v2\/comments?post=11052"}],"version-history":[{"count":18,"href":"https:\/\/finncult.be\/fi\/wp-json\/wp\/v2\/pages\/11052\/revisions"}],"predecessor-version":[{"id":20882,"href":"https:\/\/finncult.be\/fi\/wp-json\/wp\/v2\/pages\/11052\/revisions\/20882"}],"wp:featuredmedia":[{"embeddable":true,"href":"https:\/\/finncult.be\/fi\/wp-json\/wp\/v2\/media\/12752"}],"wp:attachment":[{"href":"https:\/\/finncult.be\/fi\/wp-json\/wp\/v2\/media?parent=11052"}],"curies":[{"name":"wp","href":"https:\/\/api.w.org\/{rel}","templated":true}]}}