{"id":11043,"date":"2022-01-30T15:19:52","date_gmt":"2022-01-30T14:19:52","guid":{"rendered":"http:\/\/finncult.asiakkaat.sigmatic.fi\/ohjelmisto\/"},"modified":"2024-02-28T11:08:56","modified_gmt":"2024-02-28T10:08:56","slug":"ohjelma","status":"publish","type":"page","link":"https:\/\/finncult.be\/fi\/ohjelma\/","title":{"rendered":"Ohjelma"},"content":{"rendered":"<p>[et_pb_section fb_built=&#8221;1&#8243; fullwidth=&#8221;on&#8221; _builder_version=&#8221;4.16&#8243; _module_preset=&#8221;default&#8221; background_image=&#8221;http:\/\/finncult.asiakkaat.sigmatic.fi\/wp-content\/uploads\/2022\/04\/By-Forster-Perelsztejn-at-Ervin-Latimers-Possibilities-of-Potential-Selves-exhibition-at-Antwerp-Queer-Arts-Festival-2021&#8211;scaled.jpeg&#8221; parallax=&#8221;on&#8221; global_colors_info=&#8221;{}&#8221;][et_pb_fullwidth_header title=&#8221;Ohjelma&#8221; text_orientation=&#8221;center&#8221; button_one_url=&#8221;mailto:malin.bergstrom@finncult.be&#8221; background_overlay_color=&#8221;rgba(81,0,35,0.5)&#8221; _builder_version=&#8221;4.17.6&#8243; _module_preset=&#8221;default&#8221; title_text_align=&#8221;center&#8221; title_font_size=&#8221;60px&#8221; title_line_height=&#8221;1.3em&#8221; subhead_font=&#8221;no1||||||||&#8221; subhead_font_size=&#8221;22px&#8221; background_image=&#8221;https:\/\/finncult.be\/wp-content\/uploads\/2022\/04\/By-Forster-Perelsztejn-at-Ervin-Latimers-Possibilities-of-Potential-Selves-exhibition-at-Antwerp-Queer-Arts-Festival-2021&#8211;scaled.jpeg&#8221; custom_button_one=&#8221;on&#8221; button_one_text_size=&#8221;16px&#8221; button_one_text_color=&#8221;#FEF7FB&#8221; button_one_bg_color=&#8221;#DA589B&#8221; button_one_border_width=&#8221;0px&#8221; button_one_border_color=&#8221;RGBA(255,255,255,0)&#8221; button_one_border_radius=&#8221;0px&#8221; button_one_font=&#8221;no1||||||||&#8221; button_one_use_icon=&#8221;off&#8221; module_alignment=&#8221;left&#8221; min_height=&#8221;493px&#8221; custom_margin=&#8221;||0px|||&#8221; custom_padding=&#8221;||0px||false|false&#8221; title_font_size_tablet=&#8221;60px&#8221; title_font_size_phone=&#8221;60px&#8221; title_font_size_last_edited=&#8221;on|phone&#8221; custom_css_title=&#8221;padding-top:15%;&#8221; global_colors_info=&#8221;{}&#8221;][\/et_pb_fullwidth_header][\/et_pb_section][et_pb_section fb_built=&#8221;1&#8243; admin_label=&#8221;section&#8221; _builder_version=&#8221;4.16&#8243; min_height=&#8221;1047.8px&#8221; custom_margin=&#8221;||||false|false&#8221; custom_padding=&#8221;||||false|false&#8221; global_colors_info=&#8221;{}&#8221;][et_pb_row column_structure=&#8221;1_5,3_5,1_5&#8243; admin_label=&#8221;row&#8221; _builder_version=&#8221;4.16&#8243; background_size=&#8221;initial&#8221; background_position=&#8221;top_left&#8221; background_repeat=&#8221;repeat&#8221; module_alignment=&#8221;center&#8221; custom_margin=&#8221;||||false|false&#8221; custom_padding=&#8221;||||false|false&#8221; global_colors_info=&#8221;{}&#8221;][et_pb_column type=&#8221;1_5&#8243; _builder_version=&#8221;4.16&#8243; custom_padding=&#8221;|||&#8221; global_colors_info=&#8221;{}&#8221; custom_padding__hover=&#8221;|||&#8221;][\/et_pb_column][et_pb_column type=&#8221;3_5&#8243; _builder_version=&#8221;4.16&#8243; custom_padding=&#8221;|||&#8221; global_colors_info=&#8221;{}&#8221; custom_padding__hover=&#8221;|||&#8221;][et_pb_text _builder_version=&#8221;4.17.6&#8243; _module_preset=&#8221;default&#8221; header_font=&#8221;no1-Regular||||||||&#8221; custom_margin=&#8221;||||false|false&#8221; custom_padding=&#8221;||||false|false&#8221; global_colors_info=&#8221;{}&#8221;]<\/p>\n<h1 style=\"text-align: left;\">Ohjelma<\/h1>\n<p>&nbsp;<\/p>\n<p><span style=\"font-weight: 400;\">Suomen Benelux-instituutti luo ja yll\u00e4pit\u00e4\u00e4 yhteyksi\u00e4 Suomen ja Benelux-alueen v\u00e4lisille kulttuurin ja tieteen ammattilaisille.<\/span><\/p>\n<p><span style=\"font-weight: 400;\">Ty\u00f6skentelemme sek\u00e4 taiteen ett\u00e4 yhteiskunnallisten kysymysten parissa. Pyrimme kaikessa ohjelmatoiminnassamme tasa-arvoon, osallisuuteen ja rasisminvastaisuuteen. Taiteenaloista ty\u00f6skentelemme niin nykytaiteen kuin esitystaiteen, designin, arkkitehtuurin ja musiikin parissa. <\/span><span style=\"font-weight: 400;\">J\u00e4rjest\u00e4mme sek\u00e4 asiantuntijavierailuja ett\u00e4 keskustelutilaisuuksia ajankohtaisista aiheista. <\/span><\/p>\n<p><span style=\"font-weight: 400;\">Toimimme kaikessa ohjelmassamme yhteisty\u00f6kumppaneiden kanssa ja olemme aktiivisesti mukana Benelux-alueen verkostoissa, kuten eurooppalaisten kulttuuri-instituuttien <a href=\"https:\/\/www.eunicglobal.eu\/\" target=\"_blank\" rel=\"noopener\">EUNICissa<\/a> sek\u00e4 sukupuolten tasa-arvoa ajavassa belgialaisessa <a href=\"https:\/\/www.movemen.be\/\" target=\"_blank\" rel=\"noopener\">MoveMeniss\u00e4<\/a>.\u00a0<\/span><\/p>\n<p><span style=\"font-weight: 400;\">Lis\u00e4tietoja ohjelmatoiminnastamme saat ohjelmap\u00e4\u00e4llikk\u00f6 <strong>Malin Bergstr\u00f6milt\u00e4, <\/strong><a href=\"mailto:malin.bergstrom@finncult.be\" target=\"_blank\" rel=\"noopener\">malin.bergstrom@finncult.be<\/a><\/span><span style=\"font-weight: 400;\"><br \/><\/span><\/p>\n<p>[\/et_pb_text][\/et_pb_column][et_pb_column type=&#8221;1_5&#8243; _builder_version=&#8221;4.16&#8243; custom_padding=&#8221;|||&#8221; global_colors_info=&#8221;{}&#8221; custom_padding__hover=&#8221;|||&#8221;][\/et_pb_column][\/et_pb_row][et_pb_row _builder_version=&#8221;4.16&#8243; _module_preset=&#8221;default&#8221; global_colors_info=&#8221;{}&#8221;][et_pb_column type=&#8221;4_4&#8243; _builder_version=&#8221;4.16&#8243; _module_preset=&#8221;default&#8221; global_colors_info=&#8221;{}&#8221;][et_pb_text _builder_version=&#8221;4.24.0&#8243; _module_preset=&#8221;default&#8221; header_font=&#8221;no1||||||||&#8221; custom_margin=&#8221;||||false|false&#8221; hover_enabled=&#8221;0&#8243; global_colors_info=&#8221;{}&#8221; sticky_enabled=&#8221;0&#8243;]<\/p>\n<h2 style=\"text-align: center;\">Ohjelma 2024<\/h2>\n<p>[\/et_pb_text][et_pb_blog fullwidth=&#8221;off&#8221; posts_number=&#8221;12&#8243; include_categories=&#8221;118&#8243; use_manual_excerpt=&#8221;off&#8221; show_author=&#8221;off&#8221; show_date=&#8221;off&#8221; show_categories=&#8221;off&#8221; show_excerpt=&#8221;off&#8221; show_pagination=&#8221;off&#8221; masonry_tile_background_color=&#8221;RGBA(255,255,255,0)&#8221; _builder_version=&#8221;4.24.0&#8243; _module_preset=&#8221;default&#8221; header_font=&#8221;no1-Regular||||||||&#8221; background_color=&#8221;RGBA(255,255,255,0)&#8221; custom_margin=&#8221;||||false|false&#8221; custom_padding=&#8221;||||false|false&#8221; hover_enabled=&#8221;0&#8243; border_width_all=&#8221;0px&#8221; border_style_all=&#8221;none&#8221; global_colors_info=&#8221;{}&#8221; sticky_enabled=&#8221;0&#8243;][\/et_pb_blog][\/et_pb_column][\/et_pb_row][\/et_pb_section]<\/p>\n","protected":false},"excerpt":{"rendered":"<p>Ohjelma &nbsp; Suomen Benelux-instituutti luo ja yll\u00e4pit\u00e4\u00e4 yhteyksi\u00e4 Suomen ja Benelux-alueen v\u00e4lisille kulttuurin ja tieteen ammattilaisille. Ty\u00f6skentelemme sek\u00e4 taiteen ett\u00e4 yhteiskunnallisten kysymysten parissa. Pyrimme kaikessa ohjelmatoiminnassamme tasa-arvoon, osallisuuteen ja rasisminvastaisuuteen. Taiteenaloista ty\u00f6skentelemme niin nykytaiteen kuin esitystaiteen, designin, arkkitehtuurin ja musiikin parissa. J\u00e4rjest\u00e4mme sek\u00e4 asiantuntijavierailuja ett\u00e4 keskustelutilaisuuksia ajankohtaisista aiheista. Toimimme kaikessa ohjelmassamme yhteisty\u00f6kumppaneiden kanssa ja olemme [&hellip;]<\/p>\n","protected":false},"author":4,"featured_media":12019,"parent":0,"menu_order":0,"comment_status":"closed","ping_status":"closed","template":"","meta":{"_acf_changed":false,"_et_pb_use_builder":"on","_et_pb_old_content":"","_et_gb_content_width":"","inline_featured_image":false,"footnotes":""},"class_list":["post-11043","page","type-page","status-publish","has-post-thumbnail","hentry"],"acf":[],"yoast_head":"<!-- This site is optimized with the Yoast SEO plugin v27.4 - https:\/\/yoast.com\/product\/yoast-seo-wordpress\/ -->\n<title>Ohjelma - Finnish Cultural Institute for the Benelux<\/title>\n<meta name=\"description\" content=\"Ty\u00f6skentelemme sek\u00e4 taiteen ett\u00e4 yhteiskunnallisten kysymysten parissa. Pyrimme kaikessa ohjelmatoiminnassamme tasa-arvoon, osallisuuteen ja rasisminvastaisuuteen.\" \/>\n<meta name=\"robots\" content=\"index, follow, max-snippet:-1, max-image-preview:large, max-video-preview:-1\" \/>\n<link rel=\"canonical\" href=\"https:\/\/finncult.be\/fi\/ohjelma\/\" \/>\n<meta property=\"og:locale\" content=\"fi_FI\" \/>\n<meta property=\"og:type\" content=\"article\" \/>\n<meta property=\"og:title\" content=\"Ohjelma - Finnish Cultural Institute for the Benelux\" \/>\n<meta property=\"og:description\" content=\"Ty\u00f6skentelemme sek\u00e4 taiteen ett\u00e4 yhteiskunnallisten kysymysten parissa. Pyrimme kaikessa ohjelmatoiminnassamme tasa-arvoon, osallisuuteen ja rasisminvastaisuuteen.\" \/>\n<meta property=\"og:url\" content=\"https:\/\/finncult.be\/fi\/ohjelma\/\" \/>\n<meta property=\"og:site_name\" content=\"Finnish Cultural Institute for the Benelux\" \/>\n<meta property=\"article:modified_time\" content=\"2024-02-28T10:08:56+00:00\" \/>\n<meta property=\"og:image\" content=\"https:\/\/finncult.be\/wp-content\/uploads\/2022\/04\/By-Forster-Perelsztejn-at-Ervin-Latimers-Possibilities-of-Potential-Selves-exhibition-at-Antwerp-Queer-Arts-Festival-2021--scaled.jpeg\" \/>\n\t<meta property=\"og:image:width\" content=\"2560\" \/>\n\t<meta property=\"og:image:height\" content=\"1770\" \/>\n\t<meta property=\"og:image:type\" content=\"image\/jpeg\" \/>\n<meta name=\"twitter:card\" content=\"summary_large_image\" \/>\n<meta name=\"twitter:label1\" content=\"Arvioitu lukuaika\" \/>\n\t<meta name=\"twitter:data1\" content=\"6 minuuttia\" \/>\n<script type=\"application\/ld+json\" class=\"yoast-schema-graph\">{\"@context\":\"https:\\\/\\\/schema.org\",\"@graph\":[{\"@type\":\"WebPage\",\"@id\":\"https:\\\/\\\/finncult.be\\\/fi\\\/ohjelma\\\/\",\"url\":\"https:\\\/\\\/finncult.be\\\/fi\\\/ohjelma\\\/\",\"name\":\"Ohjelma - Finnish Cultural Institute for the Benelux\",\"isPartOf\":{\"@id\":\"https:\\\/\\\/finncult.be\\\/#website\"},\"primaryImageOfPage\":{\"@id\":\"https:\\\/\\\/finncult.be\\\/fi\\\/ohjelma\\\/#primaryimage\"},\"image\":{\"@id\":\"https:\\\/\\\/finncult.be\\\/fi\\\/ohjelma\\\/#primaryimage\"},\"thumbnailUrl\":\"https:\\\/\\\/finncult.be\\\/wp-content\\\/uploads\\\/2022\\\/04\\\/By-Forster-Perelsztejn-at-Ervin-Latimers-Possibilities-of-Potential-Selves-exhibition-at-Antwerp-Queer-Arts-Festival-2021--scaled.jpeg\",\"datePublished\":\"2022-01-30T14:19:52+00:00\",\"dateModified\":\"2024-02-28T10:08:56+00:00\",\"description\":\"Ty\u00f6skentelemme sek\u00e4 taiteen ett\u00e4 yhteiskunnallisten kysymysten parissa. Pyrimme kaikessa ohjelmatoiminnassamme tasa-arvoon, osallisuuteen ja rasisminvastaisuuteen.\",\"breadcrumb\":{\"@id\":\"https:\\\/\\\/finncult.be\\\/fi\\\/ohjelma\\\/#breadcrumb\"},\"inLanguage\":\"fi\",\"potentialAction\":[{\"@type\":\"ReadAction\",\"target\":[\"https:\\\/\\\/finncult.be\\\/fi\\\/ohjelma\\\/\"]}]},{\"@type\":\"ImageObject\",\"inLanguage\":\"fi\",\"@id\":\"https:\\\/\\\/finncult.be\\\/fi\\\/ohjelma\\\/#primaryimage\",\"url\":\"https:\\\/\\\/finncult.be\\\/wp-content\\\/uploads\\\/2022\\\/04\\\/By-Forster-Perelsztejn-at-Ervin-Latimers-Possibilities-of-Potential-Selves-exhibition-at-Antwerp-Queer-Arts-Festival-2021--scaled.jpeg\",\"contentUrl\":\"https:\\\/\\\/finncult.be\\\/wp-content\\\/uploads\\\/2022\\\/04\\\/By-Forster-Perelsztejn-at-Ervin-Latimers-Possibilities-of-Potential-Selves-exhibition-at-Antwerp-Queer-Arts-Festival-2021--scaled.jpeg\",\"width\":2560,\"height\":1770,\"caption\":\"By Forster Perelsztejn\"},{\"@type\":\"BreadcrumbList\",\"@id\":\"https:\\\/\\\/finncult.be\\\/fi\\\/ohjelma\\\/#breadcrumb\",\"itemListElement\":[{\"@type\":\"ListItem\",\"position\":1,\"name\":\"Home\",\"item\":\"https:\\\/\\\/finncult.be\\\/fi\\\/\"},{\"@type\":\"ListItem\",\"position\":2,\"name\":\"Ohjelma\"}]},{\"@type\":\"WebSite\",\"@id\":\"https:\\\/\\\/finncult.be\\\/#website\",\"url\":\"https:\\\/\\\/finncult.be\\\/\",\"name\":\"Finnish Cultural Institute for the Benelux\",\"description\":\"Finnish Cultural Institute for the Benelux\",\"potentialAction\":[{\"@type\":\"SearchAction\",\"target\":{\"@type\":\"EntryPoint\",\"urlTemplate\":\"https:\\\/\\\/finncult.be\\\/?s={search_term_string}\"},\"query-input\":{\"@type\":\"PropertyValueSpecification\",\"valueRequired\":true,\"valueName\":\"search_term_string\"}}],\"inLanguage\":\"fi\"}]}<\/script>\n<!-- \/ Yoast SEO plugin. -->","yoast_head_json":{"title":"Ohjelma - Finnish Cultural Institute for the Benelux","description":"Ty\u00f6skentelemme sek\u00e4 taiteen ett\u00e4 yhteiskunnallisten kysymysten parissa. Pyrimme kaikessa ohjelmatoiminnassamme tasa-arvoon, osallisuuteen ja rasisminvastaisuuteen.","robots":{"index":"index","follow":"follow","max-snippet":"max-snippet:-1","max-image-preview":"max-image-preview:large","max-video-preview":"max-video-preview:-1"},"canonical":"https:\/\/finncult.be\/fi\/ohjelma\/","og_locale":"fi_FI","og_type":"article","og_title":"Ohjelma - Finnish Cultural Institute for the Benelux","og_description":"Ty\u00f6skentelemme sek\u00e4 taiteen ett\u00e4 yhteiskunnallisten kysymysten parissa. Pyrimme kaikessa ohjelmatoiminnassamme tasa-arvoon, osallisuuteen ja rasisminvastaisuuteen.","og_url":"https:\/\/finncult.be\/fi\/ohjelma\/","og_site_name":"Finnish Cultural Institute for the Benelux","article_modified_time":"2024-02-28T10:08:56+00:00","og_image":[{"width":2560,"height":1770,"url":"https:\/\/finncult.be\/wp-content\/uploads\/2022\/04\/By-Forster-Perelsztejn-at-Ervin-Latimers-Possibilities-of-Potential-Selves-exhibition-at-Antwerp-Queer-Arts-Festival-2021--scaled.jpeg","type":"image\/jpeg"}],"twitter_card":"summary_large_image","twitter_misc":{"Arvioitu lukuaika":"6 minuuttia"},"schema":{"@context":"https:\/\/schema.org","@graph":[{"@type":"WebPage","@id":"https:\/\/finncult.be\/fi\/ohjelma\/","url":"https:\/\/finncult.be\/fi\/ohjelma\/","name":"Ohjelma - Finnish Cultural Institute for the Benelux","isPartOf":{"@id":"https:\/\/finncult.be\/#website"},"primaryImageOfPage":{"@id":"https:\/\/finncult.be\/fi\/ohjelma\/#primaryimage"},"image":{"@id":"https:\/\/finncult.be\/fi\/ohjelma\/#primaryimage"},"thumbnailUrl":"https:\/\/finncult.be\/wp-content\/uploads\/2022\/04\/By-Forster-Perelsztejn-at-Ervin-Latimers-Possibilities-of-Potential-Selves-exhibition-at-Antwerp-Queer-Arts-Festival-2021--scaled.jpeg","datePublished":"2022-01-30T14:19:52+00:00","dateModified":"2024-02-28T10:08:56+00:00","description":"Ty\u00f6skentelemme sek\u00e4 taiteen ett\u00e4 yhteiskunnallisten kysymysten parissa. Pyrimme kaikessa ohjelmatoiminnassamme tasa-arvoon, osallisuuteen ja rasisminvastaisuuteen.","breadcrumb":{"@id":"https:\/\/finncult.be\/fi\/ohjelma\/#breadcrumb"},"inLanguage":"fi","potentialAction":[{"@type":"ReadAction","target":["https:\/\/finncult.be\/fi\/ohjelma\/"]}]},{"@type":"ImageObject","inLanguage":"fi","@id":"https:\/\/finncult.be\/fi\/ohjelma\/#primaryimage","url":"https:\/\/finncult.be\/wp-content\/uploads\/2022\/04\/By-Forster-Perelsztejn-at-Ervin-Latimers-Possibilities-of-Potential-Selves-exhibition-at-Antwerp-Queer-Arts-Festival-2021--scaled.jpeg","contentUrl":"https:\/\/finncult.be\/wp-content\/uploads\/2022\/04\/By-Forster-Perelsztejn-at-Ervin-Latimers-Possibilities-of-Potential-Selves-exhibition-at-Antwerp-Queer-Arts-Festival-2021--scaled.jpeg","width":2560,"height":1770,"caption":"By Forster Perelsztejn"},{"@type":"BreadcrumbList","@id":"https:\/\/finncult.be\/fi\/ohjelma\/#breadcrumb","itemListElement":[{"@type":"ListItem","position":1,"name":"Home","item":"https:\/\/finncult.be\/fi\/"},{"@type":"ListItem","position":2,"name":"Ohjelma"}]},{"@type":"WebSite","@id":"https:\/\/finncult.be\/#website","url":"https:\/\/finncult.be\/","name":"Finnish Cultural Institute for the Benelux","description":"Finnish Cultural Institute for the Benelux","potentialAction":[{"@type":"SearchAction","target":{"@type":"EntryPoint","urlTemplate":"https:\/\/finncult.be\/?s={search_term_string}"},"query-input":{"@type":"PropertyValueSpecification","valueRequired":true,"valueName":"search_term_string"}}],"inLanguage":"fi"}]}},"_links":{"self":[{"href":"https:\/\/finncult.be\/fi\/wp-json\/wp\/v2\/pages\/11043","targetHints":{"allow":["GET"]}}],"collection":[{"href":"https:\/\/finncult.be\/fi\/wp-json\/wp\/v2\/pages"}],"about":[{"href":"https:\/\/finncult.be\/fi\/wp-json\/wp\/v2\/types\/page"}],"author":[{"embeddable":true,"href":"https:\/\/finncult.be\/fi\/wp-json\/wp\/v2\/users\/4"}],"replies":[{"embeddable":true,"href":"https:\/\/finncult.be\/fi\/wp-json\/wp\/v2\/comments?post=11043"}],"version-history":[{"count":1,"href":"https:\/\/finncult.be\/fi\/wp-json\/wp\/v2\/pages\/11043\/revisions"}],"predecessor-version":[{"id":18015,"href":"https:\/\/finncult.be\/fi\/wp-json\/wp\/v2\/pages\/11043\/revisions\/18015"}],"wp:featuredmedia":[{"embeddable":true,"href":"https:\/\/finncult.be\/fi\/wp-json\/wp\/v2\/media\/12019"}],"wp:attachment":[{"href":"https:\/\/finncult.be\/fi\/wp-json\/wp\/v2\/media?parent=11043"}],"curies":[{"name":"wp","href":"https:\/\/api.w.org\/{rel}","templated":true}]}}