{"id":10994,"date":"2013-04-24T19:37:49","date_gmt":"2013-04-24T17:37:49","guid":{"rendered":"http:\/\/finncult.asiakkaat.sigmatic.fi\/etusivu\/"},"modified":"2024-12-10T23:20:26","modified_gmt":"2024-12-10T22:20:26","slug":"etusivu-2","status":"publish","type":"page","link":"https:\/\/finncult.be\/fi\/","title":{"rendered":"Etusivu"},"content":{"rendered":"<p>[et_pb_section fb_built=&#8221;1&#8243; fullwidth=&#8221;on&#8221; admin_label=&#8221;Section&#8221; _builder_version=&#8221;4.16&#8243; _module_preset=&#8221;default&#8221; hover_enabled=&#8221;0&#8243; global_colors_info=&#8221;{}&#8221; sticky_enabled=&#8221;0&#8243;][et_pb_fullwidth_header title=&#8221;Suomen Benelux-instituutti&#8221; text_orientation=&#8221;center&#8221; header_fullscreen=&#8221;on&#8221; background_overlay_color=&#8221;rgba(81,0,35,0.5)&#8221; subhead_font_color=&#8221;#bebebe&#8221; _builder_version=&#8221;4.27.2&#8243; title_font=&#8221;no1-Regular||||||||&#8221; title_text_align=&#8221;center&#8221; title_text_color=&#8221;#fef7fb&#8221; title_font_size=&#8221;72px&#8221; content_font=&#8221;Suisse-Regular||||||||&#8221; content_text_color=&#8221;#FEF7FB&#8221; content_font_size=&#8221;18px&#8221; content_line_height=&#8221;1.8em&#8221; subhead_font=&#8221;Montserrat||||&#8221; subhead_text_color=&#8221;#bebebe&#8221; subhead_line_height=&#8221;1.8em&#8221; background_color=&#8221;#510023&#8243; background_image=&#8221;https:\/\/finncult.be\/wp-content\/uploads\/2024\/10\/pARTir-Sonya-Lindfors-One-Drop-Beursschouwburg-Yohannes-Henriksson-24-1-e1730285981663.jpg&#8221; custom_button_one=&#8221;on&#8221; button_one_text_size=&#8221;15px&#8221; button_one_text_color=&#8221;#fef7fb&#8221; button_one_border_width=&#8221;2px&#8221; button_one_border_color=&#8221;#fef7fb&#8221; button_one_border_radius=&#8221;0px&#8221; button_one_letter_spacing=&#8221;1px&#8221; button_one_font=&#8221;no1|700||on|||||&#8221; button_one_use_icon=&#8221;off&#8221; custom_button_two=&#8221;on&#8221; button_two_text_size=&#8221;15px&#8221; button_two_text_color=&#8221;#ffffff&#8221; button_two_bg_color=&#8221;#f09a9a&#8221; button_two_border_width=&#8221;2px&#8221; button_two_border_color=&#8221;#f09a9a&#8221; button_two_border_radius=&#8221;0px&#8221; button_two_letter_spacing=&#8221;1px&#8221; button_two_font=&#8221;no1|700||on|||||&#8221; button_two_use_icon=&#8221;off&#8221; animation_style=&#8221;zoom&#8221; animation_duration=&#8221;1500ms&#8221; animation_intensity_zoom=&#8221;4%&#8221; hover_enabled=&#8221;0&#8243; title_text_color_tablet=&#8221;#fef7fb&#8221; title_text_color_phone=&#8221;#fef7fb&#8221; title_text_color_last_edited=&#8221;on|desktop&#8221; title_font_size_tablet=&#8221;72px&#8221; title_font_size_phone=&#8221;40px&#8221; title_font_size_last_edited=&#8221;on|phone&#8221; title_line_height_last_edited=&#8221;off|desktop&#8221; button_one_border_radius_hover=&#8221;0px&#8221; button_one_letter_spacing_hover=&#8221;1px&#8221; button_two_letter_spacing_hover=&#8221;1px&#8221; global_colors_info=&#8221;{}&#8221; button_one_text_size__hover_enabled=&#8221;off&#8221; button_two_text_size__hover_enabled=&#8221;off&#8221; button_one_text_color__hover_enabled=&#8221;off&#8221; button_two_text_color__hover_enabled=&#8221;off&#8221; button_one_border_width__hover_enabled=&#8221;off&#8221; button_two_border_width__hover_enabled=&#8221;off&#8221; button_one_border_color__hover_enabled=&#8221;off&#8221; button_two_border_color__hover_enabled=&#8221;off&#8221; button_one_border_radius__hover_enabled=&#8221;on&#8221; button_one_border_radius__hover=&#8221;0px&#8221; button_two_border_radius__hover_enabled=&#8221;off&#8221; button_one_letter_spacing__hover_enabled=&#8221;on&#8221; button_one_letter_spacing__hover=&#8221;1px&#8221; button_two_letter_spacing__hover_enabled=&#8221;on&#8221; button_two_letter_spacing__hover=&#8221;1px&#8221; button_one_bg_color__hover_enabled=&#8221;off&#8221; button_two_bg_color__hover_enabled=&#8221;off&#8221; sticky_enabled=&#8221;0&#8243; alt=&#8221;A black man stands with his arms stretched out to either side, making a wave-like pattern. The stage is strongly lit with a bright red tone.&#8221; title_text=&#8221;pARTir &#8211; Sonya Lindfors One Drop Beursschouwburg &#8211; Yohannes Henriksson &#8211; 24 (1)&#8221;]<\/p>\n<p>&nbsp;<\/p>\n<p>Luomme yhteyksi\u00e4 kulttuurin ja taiteen ammattilaisille Suomen sek\u00e4 Belgian, Alankomaiden ja Luxemburgin v\u00e4lill\u00e4.<\/p>\n<p>&nbsp;<\/p>\n<p>[\/et_pb_fullwidth_header][\/et_pb_section][et_pb_section fb_built=&#8221;1&#8243; _builder_version=&#8221;4.16&#8243; background_color=&#8221;#fef7fb&#8221; custom_padding=&#8221;100px|0px|100px|0px|false|false&#8221; collapsed=&#8221;off&#8221; global_colors_info=&#8221;{}&#8221;][et_pb_row _builder_version=&#8221;4.16&#8243; background_size=&#8221;initial&#8221; background_position=&#8221;top_left&#8221; background_repeat=&#8221;repeat&#8221; custom_padding=&#8221;0px|0px|27px|0px|false|false&#8221; global_colors_info=&#8221;{}&#8221;][et_pb_column type=&#8221;4_4&#8243; _builder_version=&#8221;4.16&#8243; custom_padding=&#8221;|||&#8221; global_colors_info=&#8221;{}&#8221; custom_padding__hover=&#8221;|||&#8221;][et_pb_text _builder_version=&#8221;4.16&#8243; text_font=&#8221;no1||||||||&#8221; text_text_color=&#8221;#510023&#8243; header_font=&#8221;no1||||||||&#8221; header_text_color=&#8221;#510023&#8243; header_2_font=&#8221;no1||||||||&#8221; header_2_font_size=&#8221;48px&#8221; header_2_line_height=&#8221;1.3em&#8221; background_size=&#8221;initial&#8221; background_position=&#8221;top_left&#8221; background_repeat=&#8221;repeat&#8221; text_orientation=&#8221;center&#8221; locked=&#8221;off&#8221; global_colors_info=&#8221;{}&#8221; header_font_size__hover=&#8221;30px&#8221; header_font_size__hover_enabled=&#8221;30px&#8221; header_letter_spacing__hover=&#8221;0px&#8221; header_letter_spacing__hover_enabled=&#8221;0px&#8221; header_text_shadow_style__hover=&#8221;none&#8221; header_text_shadow_style__hover_enabled=&#8221;none&#8221; header_text_shadow_color__hover=&#8221;rgba(0,0,0,0.4)&#8221; header_text_shadow_color__hover_enabled=&#8221;rgba(0,0,0,0.4)&#8221;]<\/p>\n<h2>Ajankohtaista<\/h2>\n<p>[\/et_pb_text][\/et_pb_column][\/et_pb_row][et_pb_row _builder_version=&#8221;4.16&#8243; background_size=&#8221;initial&#8221; background_position=&#8221;top_left&#8221; background_repeat=&#8221;repeat&#8221; max_width=&#8221;1280px&#8221; custom_padding=&#8221;|||&#8221; use_custom_width=&#8221;on&#8221; custom_width_px=&#8221;1280px&#8221; global_colors_info=&#8221;{}&#8221;][et_pb_column type=&#8221;4_4&#8243; _builder_version=&#8221;4.16&#8243; custom_padding=&#8221;|||&#8221; global_colors_info=&#8221;{}&#8221; custom_padding__hover=&#8221;|||&#8221;][et_pb_blog fullwidth=&#8221;off&#8221; posts_number=&#8221;6&#8243; include_categories=&#8221;30,29&#8243; show_author=&#8221;off&#8221; show_pagination=&#8221;off&#8221; _builder_version=&#8221;4.18.0&#8243; header_font=&#8221;no1-Regular||||||||&#8221; header_text_color=&#8221;#510023&#8243; header_font_size=&#8221;20px&#8221; body_font=&#8221;||||||||&#8221; body_text_color=&#8221;#510023&#8243; body_line_height=&#8221;1.8em&#8221; meta_font=&#8221;Suisse-Regular|700||on|||||&#8221; meta_text_color=&#8221;#F09A9A&#8221; meta_font_size=&#8221;11px&#8221; meta_letter_spacing=&#8221;2px&#8221; meta_line_height=&#8221;1.9em&#8221; read_more_font=&#8221;no1||||||||&#8221; read_more_text_color=&#8221;#F09A9A&#8221; pagination_font=&#8221;Montserrat||||&#8221; pagination_text_color=&#8221;#c39d63&#8243; body_font_size_tablet=&#8221;&#8221; body_font_size_phone=&#8221;&#8221; body_font_size_last_edited=&#8221;on|phone&#8221; border_width_all=&#8221;0px&#8221; border_color_all=&#8221;#d8d8d8&#8243; border_style_all=&#8221;solid&#8221; border_width_all_fullwidth=&#8221;0px&#8221; border_color_all_fullwidth=&#8221;#d8d8d8&#8243; border_style_all_fullwidth=&#8221;solid&#8221; use_border_color=&#8221;on&#8221; border_width=&#8221;0px&#8221; global_colors_info=&#8221;{}&#8221;][\/et_pb_blog][et_pb_button button_url=&#8221;\/uutiset\/&#8221; button_text=&#8221;Lue lis\u00e4\u00e4&#8221; button_alignment=&#8221;center&#8221; _builder_version=&#8221;4.24.0&#8243; custom_button=&#8221;on&#8221; button_text_size=&#8221;15px&#8221; button_text_color=&#8221;#f09a9a&#8221; button_bg_color=&#8221;#510023&#8243; button_border_width=&#8221;2px&#8221; button_border_color=&#8221;#510023&#8243; button_border_radius=&#8221;0px&#8221; button_letter_spacing=&#8221;2px&#8221; button_font=&#8221;no1-Regular|700||on|||||&#8221; button_use_icon=&#8221;off&#8221; animation_style=&#8221;zoom&#8221; animation_intensity_zoom=&#8221;20%&#8221; button_letter_spacing_hover=&#8221;2px&#8221; locked=&#8221;off&#8221; global_colors_info=&#8221;{}&#8221; button_text_size__hover_enabled=&#8221;off&#8221; button_one_text_size__hover_enabled=&#8221;off&#8221; button_two_text_size__hover_enabled=&#8221;off&#8221; button_text_color__hover_enabled=&#8221;off&#8221; button_one_text_color__hover_enabled=&#8221;off&#8221; button_two_text_color__hover_enabled=&#8221;off&#8221; button_border_width__hover_enabled=&#8221;off&#8221; button_one_border_width__hover_enabled=&#8221;off&#8221; button_two_border_width__hover_enabled=&#8221;off&#8221; button_border_color__hover_enabled=&#8221;off&#8221; button_one_border_color__hover_enabled=&#8221;off&#8221; button_two_border_color__hover_enabled=&#8221;off&#8221; button_border_radius__hover_enabled=&#8221;off&#8221; button_one_border_radius__hover_enabled=&#8221;off&#8221; button_two_border_radius__hover_enabled=&#8221;off&#8221; button_letter_spacing__hover_enabled=&#8221;on&#8221; button_letter_spacing__hover=&#8221;2px&#8221; button_one_letter_spacing__hover_enabled=&#8221;off&#8221; button_two_letter_spacing__hover_enabled=&#8221;off&#8221; button_bg_color__hover_enabled=&#8221;off&#8221; button_one_bg_color__hover_enabled=&#8221;off&#8221; button_two_bg_color__hover_enabled=&#8221;off&#8221;][\/et_pb_button][\/et_pb_column][\/et_pb_row][\/et_pb_section]<\/p>\n","protected":false},"excerpt":{"rendered":"<p>&nbsp; Luomme yhteyksi\u00e4 kulttuurin ja taiteen ammattilaisille Suomen sek\u00e4 Belgian, Alankomaiden ja Luxemburgin v\u00e4lill\u00e4. &nbsp;Ajankohtaista<\/p>\n","protected":false},"author":4,"featured_media":20045,"parent":0,"menu_order":0,"comment_status":"open","ping_status":"closed","template":"","meta":{"_acf_changed":false,"_et_pb_use_builder":"on","_et_pb_old_content":"","_et_gb_content_width":"","inline_featured_image":false,"footnotes":""},"class_list":["post-10994","page","type-page","status-publish","has-post-thumbnail","hentry"],"acf":[],"yoast_head":"<!-- This site is optimized with the Yoast SEO plugin v27.5 - https:\/\/yoast.com\/product\/yoast-seo-wordpress\/ -->\n<title>Etusivu - Finnish Cultural Institute for the Benelux<\/title>\n<meta name=\"description\" content=\"Suomen Benelux-instituutti luo yhteyksi\u00e4 kulttuurin ja taiteen ammattilaisille Suomen ja Benelux-alueen v\u00e4lill\u00e4.\" \/>\n<meta name=\"robots\" content=\"index, follow, max-snippet:-1, max-image-preview:large, max-video-preview:-1\" \/>\n<link rel=\"canonical\" href=\"https:\/\/finncult.be\/fi\/\" \/>\n<meta property=\"og:locale\" content=\"fi_FI\" \/>\n<meta property=\"og:type\" content=\"article\" \/>\n<meta property=\"og:title\" content=\"Etusivu - Finnish Cultural Institute for the Benelux\" \/>\n<meta property=\"og:description\" content=\"Suomen Benelux-instituutti luo yhteyksi\u00e4 kulttuurin ja taiteen ammattilaisille Suomen ja Benelux-alueen v\u00e4lill\u00e4.\" \/>\n<meta property=\"og:url\" content=\"https:\/\/finncult.be\/fi\/\" \/>\n<meta property=\"og:site_name\" content=\"Finnish Cultural Institute for the Benelux\" \/>\n<meta property=\"article:modified_time\" content=\"2024-12-10T22:20:26+00:00\" \/>\n<meta property=\"og:image\" content=\"https:\/\/finncult.be\/wp-content\/uploads\/2023\/06\/Texture-of-Connection-230615-Yohannes-Henriksson.jpeg\" \/>\n\t<meta property=\"og:image:width\" content=\"2048\" \/>\n\t<meta property=\"og:image:height\" content=\"1365\" \/>\n\t<meta property=\"og:image:type\" content=\"image\/jpeg\" \/>\n<meta name=\"twitter:card\" content=\"summary_large_image\" \/>\n<meta name=\"twitter:label1\" content=\"Arvioitu lukuaika\" \/>\n\t<meta name=\"twitter:data1\" content=\"3 minuuttia\" \/>\n<script type=\"application\/ld+json\" class=\"yoast-schema-graph\">{\"@context\":\"https:\\\/\\\/schema.org\",\"@graph\":[{\"@type\":\"WebPage\",\"@id\":\"https:\\\/\\\/finncult.be\\\/fi\\\/\",\"url\":\"https:\\\/\\\/finncult.be\\\/fi\\\/\",\"name\":\"Etusivu - Finnish Cultural Institute for the Benelux\",\"isPartOf\":{\"@id\":\"https:\\\/\\\/finncult.be\\\/#website\"},\"primaryImageOfPage\":{\"@id\":\"https:\\\/\\\/finncult.be\\\/fi\\\/#primaryimage\"},\"image\":{\"@id\":\"https:\\\/\\\/finncult.be\\\/fi\\\/#primaryimage\"},\"thumbnailUrl\":\"https:\\\/\\\/finncult.be\\\/wp-content\\\/uploads\\\/2025\\\/01\\\/Jenni-Juulia-Wallinheimo-Heimonen-How-Great-is-Your-darkness-2024-still-from-2-channel-video-installation-5min-22sec.-Image-by-Rasoul-Khorram.-Courtesy-the-artist-scaled.jpg\",\"datePublished\":\"2013-04-24T17:37:49+00:00\",\"dateModified\":\"2024-12-10T22:20:26+00:00\",\"description\":\"Suomen Benelux-instituutti luo yhteyksi\u00e4 kulttuurin ja taiteen ammattilaisille Suomen ja Benelux-alueen v\u00e4lill\u00e4.\",\"breadcrumb\":{\"@id\":\"https:\\\/\\\/finncult.be\\\/fi\\\/#breadcrumb\"},\"inLanguage\":\"fi\",\"potentialAction\":[{\"@type\":\"ReadAction\",\"target\":[\"https:\\\/\\\/finncult.be\\\/fi\\\/\"]}]},{\"@type\":\"ImageObject\",\"inLanguage\":\"fi\",\"@id\":\"https:\\\/\\\/finncult.be\\\/fi\\\/#primaryimage\",\"url\":\"https:\\\/\\\/finncult.be\\\/wp-content\\\/uploads\\\/2025\\\/01\\\/Jenni-Juulia-Wallinheimo-Heimonen-How-Great-is-Your-darkness-2024-still-from-2-channel-video-installation-5min-22sec.-Image-by-Rasoul-Khorram.-Courtesy-the-artist-scaled.jpg\",\"contentUrl\":\"https:\\\/\\\/finncult.be\\\/wp-content\\\/uploads\\\/2025\\\/01\\\/Jenni-Juulia-Wallinheimo-Heimonen-How-Great-is-Your-darkness-2024-still-from-2-channel-video-installation-5min-22sec.-Image-by-Rasoul-Khorram.-Courtesy-the-artist-scaled.jpg\",\"width\":2560,\"height\":1440,\"caption\":\"Disability activist Gunilla Sj\u00f6vall lies back with a book on their chest. They are wearing brightly coloured, red clothes and have a pair of sunglasses resting on their forehead. Their beautiful long grey hair is spread out on the pillow. Gunilla Sj\u00f6vall gives the middle finger to the camera.\"},{\"@type\":\"BreadcrumbList\",\"@id\":\"https:\\\/\\\/finncult.be\\\/fi\\\/#breadcrumb\",\"itemListElement\":[{\"@type\":\"ListItem\",\"position\":1,\"name\":\"Home\",\"item\":\"https:\\\/\\\/finncult.be\\\/fi\\\/\"},{\"@type\":\"ListItem\",\"position\":2,\"name\":\"Etusivu\"}]},{\"@type\":\"WebSite\",\"@id\":\"https:\\\/\\\/finncult.be\\\/#website\",\"url\":\"https:\\\/\\\/finncult.be\\\/\",\"name\":\"Finnish Cultural Institute for the Benelux\",\"description\":\"Finnish Cultural Institute for the Benelux\",\"potentialAction\":[{\"@type\":\"SearchAction\",\"target\":{\"@type\":\"EntryPoint\",\"urlTemplate\":\"https:\\\/\\\/finncult.be\\\/?s={search_term_string}\"},\"query-input\":{\"@type\":\"PropertyValueSpecification\",\"valueRequired\":true,\"valueName\":\"search_term_string\"}}],\"inLanguage\":\"fi\"}]}<\/script>\n<!-- \/ Yoast SEO plugin. -->","yoast_head_json":{"title":"Etusivu - Finnish Cultural Institute for the Benelux","description":"Suomen Benelux-instituutti luo yhteyksi\u00e4 kulttuurin ja taiteen ammattilaisille Suomen ja Benelux-alueen v\u00e4lill\u00e4.","robots":{"index":"index","follow":"follow","max-snippet":"max-snippet:-1","max-image-preview":"max-image-preview:large","max-video-preview":"max-video-preview:-1"},"canonical":"https:\/\/finncult.be\/fi\/","og_locale":"fi_FI","og_type":"article","og_title":"Etusivu - Finnish Cultural Institute for the Benelux","og_description":"Suomen Benelux-instituutti luo yhteyksi\u00e4 kulttuurin ja taiteen ammattilaisille Suomen ja Benelux-alueen v\u00e4lill\u00e4.","og_url":"https:\/\/finncult.be\/fi\/","og_site_name":"Finnish Cultural Institute for the Benelux","article_modified_time":"2024-12-10T22:20:26+00:00","og_image":[{"width":2048,"height":1365,"url":"https:\/\/finncult.be\/wp-content\/uploads\/2023\/06\/Texture-of-Connection-230615-Yohannes-Henriksson.jpeg","type":"image\/jpeg"}],"twitter_card":"summary_large_image","twitter_misc":{"Arvioitu lukuaika":"3 minuuttia"},"schema":{"@context":"https:\/\/schema.org","@graph":[{"@type":"WebPage","@id":"https:\/\/finncult.be\/fi\/","url":"https:\/\/finncult.be\/fi\/","name":"Etusivu - Finnish Cultural Institute for the Benelux","isPartOf":{"@id":"https:\/\/finncult.be\/#website"},"primaryImageOfPage":{"@id":"https:\/\/finncult.be\/fi\/#primaryimage"},"image":{"@id":"https:\/\/finncult.be\/fi\/#primaryimage"},"thumbnailUrl":"https:\/\/finncult.be\/wp-content\/uploads\/2025\/01\/Jenni-Juulia-Wallinheimo-Heimonen-How-Great-is-Your-darkness-2024-still-from-2-channel-video-installation-5min-22sec.-Image-by-Rasoul-Khorram.-Courtesy-the-artist-scaled.jpg","datePublished":"2013-04-24T17:37:49+00:00","dateModified":"2024-12-10T22:20:26+00:00","description":"Suomen Benelux-instituutti luo yhteyksi\u00e4 kulttuurin ja taiteen ammattilaisille Suomen ja Benelux-alueen v\u00e4lill\u00e4.","breadcrumb":{"@id":"https:\/\/finncult.be\/fi\/#breadcrumb"},"inLanguage":"fi","potentialAction":[{"@type":"ReadAction","target":["https:\/\/finncult.be\/fi\/"]}]},{"@type":"ImageObject","inLanguage":"fi","@id":"https:\/\/finncult.be\/fi\/#primaryimage","url":"https:\/\/finncult.be\/wp-content\/uploads\/2025\/01\/Jenni-Juulia-Wallinheimo-Heimonen-How-Great-is-Your-darkness-2024-still-from-2-channel-video-installation-5min-22sec.-Image-by-Rasoul-Khorram.-Courtesy-the-artist-scaled.jpg","contentUrl":"https:\/\/finncult.be\/wp-content\/uploads\/2025\/01\/Jenni-Juulia-Wallinheimo-Heimonen-How-Great-is-Your-darkness-2024-still-from-2-channel-video-installation-5min-22sec.-Image-by-Rasoul-Khorram.-Courtesy-the-artist-scaled.jpg","width":2560,"height":1440,"caption":"Disability activist Gunilla Sj\u00f6vall lies back with a book on their chest. They are wearing brightly coloured, red clothes and have a pair of sunglasses resting on their forehead. Their beautiful long grey hair is spread out on the pillow. Gunilla Sj\u00f6vall gives the middle finger to the camera."},{"@type":"BreadcrumbList","@id":"https:\/\/finncult.be\/fi\/#breadcrumb","itemListElement":[{"@type":"ListItem","position":1,"name":"Home","item":"https:\/\/finncult.be\/fi\/"},{"@type":"ListItem","position":2,"name":"Etusivu"}]},{"@type":"WebSite","@id":"https:\/\/finncult.be\/#website","url":"https:\/\/finncult.be\/","name":"Finnish Cultural Institute for the Benelux","description":"Finnish Cultural Institute for the Benelux","potentialAction":[{"@type":"SearchAction","target":{"@type":"EntryPoint","urlTemplate":"https:\/\/finncult.be\/?s={search_term_string}"},"query-input":{"@type":"PropertyValueSpecification","valueRequired":true,"valueName":"search_term_string"}}],"inLanguage":"fi"}]}},"_links":{"self":[{"href":"https:\/\/finncult.be\/fi\/wp-json\/wp\/v2\/pages\/10994","targetHints":{"allow":["GET"]}}],"collection":[{"href":"https:\/\/finncult.be\/fi\/wp-json\/wp\/v2\/pages"}],"about":[{"href":"https:\/\/finncult.be\/fi\/wp-json\/wp\/v2\/types\/page"}],"author":[{"embeddable":true,"href":"https:\/\/finncult.be\/fi\/wp-json\/wp\/v2\/users\/4"}],"replies":[{"embeddable":true,"href":"https:\/\/finncult.be\/fi\/wp-json\/wp\/v2\/comments?post=10994"}],"version-history":[{"count":14,"href":"https:\/\/finncult.be\/fi\/wp-json\/wp\/v2\/pages\/10994\/revisions"}],"predecessor-version":[{"id":20015,"href":"https:\/\/finncult.be\/fi\/wp-json\/wp\/v2\/pages\/10994\/revisions\/20015"}],"wp:featuredmedia":[{"embeddable":true,"href":"https:\/\/finncult.be\/fi\/wp-json\/wp\/v2\/media\/20045"}],"wp:attachment":[{"href":"https:\/\/finncult.be\/fi\/wp-json\/wp\/v2\/media?parent=10994"}],"curies":[{"name":"wp","href":"https:\/\/api.w.org\/{rel}","templated":true}]}}